{"id":62,"date":"2022-03-01T13:25:24","date_gmt":"2022-03-01T13:25:24","guid":{"rendered":"http:\/\/percursoseideias.iscet.pt\/?page_id=62"},"modified":"2022-05-18T13:17:14","modified_gmt":"2022-05-18T13:17:14","slug":"search-archive","status":"publish","type":"page","link":"https:\/\/percursoseideias.iscet.pt\/index.php\/search-archive\/","title":{"rendered":"Search archive"},"content":{"rendered":"\n\n<table id=\"tablepress-3\" class=\"tablepress tablepress-id-3\">\n<thead>\n<tr class=\"row-1\">\n\t<th class=\"column-1\">Year<\/th><th class=\"column-2\">Title<\/th>\n<\/tr>\n<\/thead>\n<tbody class=\"row-hover\">\n<tr class=\"row-2\">\n\t<td class=\"column-1\">2024<\/td><td class=\"column-2\"><a href=\"https:\/\/percursoseideias.iscet.pt\/index.php\/volume-13-2024-005\/\">Desafios das Pequenas Empresas no mundo (hiper)conetado<\/a><BR>\u00c2ngelo Oliveira<\/td>\n<\/tr>\n<tr class=\"row-3\">\n\t<td class=\"column-1\">2024<\/td><td class=\"column-2\"><a href=\"https:\/\/percursoseideias.iscet.pt\/index.php\/volume-13-2024-004\/\">Intelig\u00eancia Artificial: Entre a Inova\u00e7\u00e3o a a Seguran\u00e7a<\/a><BR>Melanie de Oliveira Neiva Santos<\/td>\n<\/tr>\n<tr class=\"row-4\">\n\t<td class=\"column-1\">2024<\/td><td class=\"column-2\"><a href=\"https:\/\/percursoseideias.iscet.pt\/index.php\/volume-13-2024-003\/\">O direito \u00e0 prote\u00e7\u00e3o da sa\u00fade e os direitos dos doentes<\/a><BR>Ana Paula Cabral<\/td>\n<\/tr>\n<tr class=\"row-5\">\n\t<td class=\"column-1\">2024<\/td><td class=\"column-2\"><a href=\"https:\/\/percursoseideias.iscet.pt\/index.php\/volume-13-2024-002\/\">A Geopol\u00edtica da Transi\u00e7\u00e3o Energ\u00e9tica<\/a><BR>Jos\u00e9 Pedro Teixeira Fernandes<\/td>\n<\/tr>\n<tr class=\"row-6\">\n\t<td class=\"column-1\">2024<\/td><td class=\"column-2\"><a href=\"https:\/\/percursoseideias.iscet.pt\/index.php\/volume-13-2024-001\/\">A problem\u00e1tica da solid\u00e3o: uma abordagem antropol\u00f3gica<\/a><BR>Adalberto Dias de Carvalho<\/td>\n<\/tr>\n<tr class=\"row-7\">\n\t<td class=\"column-1\">2022<\/td><td class=\"column-2\"><a href=\"https:\/\/percursoseideias.iscet.pt\/index.php\/sol2022n120012\/\">Transforma\u00e7\u00e3o Digital e Prote\u00e7\u00e3o de Dados: Consentimento Informado<\/a><BR>Melanie Oliveira Neiva Santos <\/td>\n<\/tr>\n<tr class=\"row-8\">\n\t<td class=\"column-1\">2022<\/td><td class=\"column-2\"><a href=\"https:\/\/percursoseideias.iscet.pt\/index.php\/mp2022n120011\/\">Sustainable Marketing Orientation in the Clothing Industry: Slow or Fast Fashion?<\/a><BR>Joana Sofia Guedes Silva, Jana Tur\u010d\u00ednkov\u00e1 and Jos\u00e9 Magano<\/td>\n<\/tr>\n<tr class=\"row-9\">\n\t<td class=\"column-1\">2022<\/td><td class=\"column-2\"><a href=\"https:\/\/percursoseideias.iscet.pt\/index.php\/sol2022n120010\/\">A Publicidade e a Prote\u00e7\u00e3o de Dados Pessoais - O RGPD<\/a><BR>Lu\u00edsa Lopes Sousa<\/td>\n<\/tr>\n<tr class=\"row-10\">\n\t<td class=\"column-1\">2022<\/td><td class=\"column-2\"><a href=\"https:\/\/percursoseideias.iscet.pt\/index.php\/tur2022n120009\/\">Rota Tur\u00edstica do Jogo do Pau em Cabeceiras de Basto: Breve Introdu\u00e7\u00e3o \u00e0 Representa\u00e7\u00e3o Social desta Maestria na Literatura Portuguesa<\/a><BR>L\u00eddia Aguiar and Rita Ribeiro<\/td>\n<\/tr>\n<tr class=\"row-11\">\n\t<td class=\"column-1\">2022<\/td><td class=\"column-2\"><a href=\"https:\/\/percursoseideias.iscet.pt\/index.php\/ci2022n120008\/\">O Fasc\u00ednio pelo Oriente: A Pol\u00edtica Externa de Portugal face \u00e0 Turquia<\/a><BR>Jos\u00e9 Pedro Teixeira Fernandes<\/td>\n<\/tr>\n<tr class=\"row-12\">\n\t<td class=\"column-1\">2022<\/td><td class=\"column-2\"><a href=\"https:\/\/percursoseideias.iscet.pt\/index.php\/tur2022n120007\/\">Patrim\u00f3nios Alimentares e Sociabilidade: O Banquete como Met\u00e1fora de Poder e Ostenta\u00e7\u00e3o<\/a><BR>Josefina Salvado<\/td>\n<\/tr>\n<tr class=\"row-13\">\n\t<td class=\"column-1\">2022<\/td><td class=\"column-2\"><a href=\"https:\/\/percursoseideias.iscet.pt\/index.php\/tur2022n120006\/\">Banhos na Floresta<\/a><BR>Jos\u00e9 Henrique Mour\u00e3o and Henrique Ferraz<\/td>\n<\/tr>\n<tr class=\"row-14\">\n\t<td class=\"column-1\">2022<\/td><td class=\"column-2\"><a href=\"https:\/\/percursoseideias.iscet.pt\/index.php\/mp2022n120005\/\">A Import\u00e2ncia das Eventos Culturais numa Estrat\u00e9gia de Marketing Territorial: O Caso do \"Mosteiro de Emo\u00e7\u00f5es\"<\/a><BR>Jo\u00e3o Abreu and Lu\u00eds Ferreira<\/td>\n<\/tr>\n<tr class=\"row-15\">\n\t<td class=\"column-1\">2022<\/td><td class=\"column-2\"><a href=\"https:\/\/percursoseideias.iscet.pt\/index.php\/ci2022n120004\/\">O Com\u00e9rcio Eletr\u00f3nico na Uni\u00e3o Europeia e o Novo Regime do IVA<\/a><BR>Eduardo Martins<\/td>\n<\/tr>\n<tr class=\"row-16\">\n\t<td class=\"column-1\">2022<\/td><td class=\"column-2\"><a href=\"https:\/\/percursoseideias.iscet.pt\/index.php\/mp2022n120003\/\">Marketing 5.0: A Publicidade e as Narrativas que Conectam<\/a><BR>Daniel Ladeira de Ara\u00fajo<\/td>\n<\/tr>\n<tr class=\"row-17\">\n\t<td class=\"column-1\">2022<\/td><td class=\"column-2\"><a href=\"https:\/\/percursoseideias.iscet.pt\/index.php\/sol2022n120002\/\">Telemedicina versus Prote\u00e7\u00e3o de Dados Pessoais. Os Dados de Sa\u00fade como Dados Pessoais.<\/a><BR>Ana Paula Cabral<\/td>\n<\/tr>\n<tr class=\"row-18\">\n\t<td class=\"column-1\">2022<\/td><td class=\"column-2\"><a href=\"https:\/\/percursoseideias.iscet.pt\/index.php\/mp2022n120001\/\">Omnichannel Shopping Experience: An Exploratory Study on a Generation Z Sample<\/a><BR>Sara Matos, Martim Dur\u00e3o and Jos\u00e9 Magano<\/td>\n<\/tr>\n<tr class=\"row-19\">\n\t<td class=\"column-1\">2021<\/td><td class=\"column-2\"><a href=\"http:\/\/percursoseideias.iscet.pt\/index.php\/pi_2021_n11_0007\">A Literacia Financeira: Uma Revis\u00e3o de Literatura<\/a><BR>Fernando Oliveira Tavares and Lu\u00eds Gomes Almeida<\/td>\n<\/tr>\n<tr class=\"row-20\">\n\t<td class=\"column-1\">2021<\/td><td class=\"column-2\"><a href=\"http:\/\/percursoseideias.iscet.pt\/index.php\/pi_2021_n11_0006\">The Route of Emotions in the Tourist Context of Northeast Brazil<\/a><BR>Simone Cristina Putrick, Luzia Neide Coriolano and Milton Augusto Pascoto Mariane<\/td>\n<\/tr>\n<tr class=\"row-21\">\n\t<td class=\"column-1\">2021<\/td><td class=\"column-2\"><a href=\"http:\/\/percursoseideias.iscet.pt\/index.php\/pi_2021_n11_0005\">Comunica\u00e7\u00e3o de Destinos Tur\u00edsticos em Tempos de Pandemia<\/a><BR>Lu\u00eds Ferreira, Lu\u00eds Pestana Mour\u00e3o and Jorge Ricardo Pinto<\/td>\n<\/tr>\n<tr class=\"row-22\">\n\t<td class=\"column-1\">2021<\/td><td class=\"column-2\"><a href=\"http:\/\/percursoseideias.iscet.pt\/index.php\/pi_2021_n11_0004\">Comportamentos de Consumo da Crian\u00e7a do Ensino B\u00e1sico Obrigat\u00f3rio em Contexto Rural e Urbano<\/a><BR>Ana Catarina Soares<\/td>\n<\/tr>\n<tr class=\"row-23\">\n\t<td class=\"column-1\">2021<\/td><td class=\"column-2\"><a href=\"http:\/\/percursoseideias.iscet.pt\/index.php\/pi_2021_n11_0003-2\">Marketing Trends: Using Memes to Target Generation Z<\/a><BR>Rafaela Sirimarco Bara and Jos\u00e9 Magano<\/td>\n<\/tr>\n<tr class=\"row-24\">\n\t<td class=\"column-1\">2021<\/td><td class=\"column-2\"><a href=\"http:\/\/percursoseideias.iscet.pt\/index.php\/pi_2021_n11_0002\">A Intelig\u00eancia Artificial e o Impacto no Marketing e no Consumidor<\/a><BR>Cristiana Vieira and Jos\u00e9 Magano<\/td>\n<\/tr>\n<tr class=\"row-25\">\n\t<td class=\"column-1\">2021<\/td><td class=\"column-2\"><a href=\"http:\/\/percursoseideias.iscet.pt\/index.php\/pi_2021_n11_0001\">El Comportamiento del Comprador Industrial<\/a><BR>Cesar Duch Martorell<\/td>\n<\/tr>\n<tr class=\"row-26\">\n\t<td class=\"column-1\">2020<\/td><td class=\"column-2\"><a href=\"http:\/\/percursoseideias.iscet.pt\/index.php\/pi_2020_n10_0007\">Prote\u00e7\u00e3o de dados pessoais versus prote\u00e7\u00e3o da Sa\u00fade em tempos de pandemia \u2013 Tend\u00eancias do presente que anunciam o futuro, a curto, m\u00e9dio e longo prazo versus sinais do futuro no presente<\/a><BR>Ana Paula Cabral<\/td>\n<\/tr>\n<tr class=\"row-27\">\n\t<td class=\"column-1\">2020<\/td><td class=\"column-2\"><a href=\"http:\/\/percursoseideias.iscet.pt\/index.php\/pi_2020_n10_0006\">Perdida na (des)globaliza\u00e7\u00e3o? \u00c0 procura das causas da perda de relev\u00e2ncia da OMC<\/a><BR>Jos\u00e9 Pedro Teixeira Fernandes<\/td>\n<\/tr>\n<tr class=\"row-28\">\n\t<td class=\"column-1\">2020<\/td><td class=\"column-2\"><a href=\"http:\/\/percursoseideias.iscet.pt\/index.php\/pi_2020_n10_0005\">Enoturismo em Melga\u00e7o: Caso de Estudo a Quinta de Soalheiro<\/a><BR>L\u00eddia Aguiar<\/td>\n<\/tr>\n<tr class=\"row-29\">\n\t<td class=\"column-1\">2020<\/td><td class=\"column-2\"><a href=\"http:\/\/percursoseideias.iscet.pt\/index.php\/pi_2020_n10_0004\">Viv\u00eancias e projetos da popula\u00e7\u00e3o portuguesa no contexto da pandemia da covid-19<\/a><BR>Adalberto Dias de Carvalho<\/td>\n<\/tr>\n<tr class=\"row-30\">\n\t<td class=\"column-1\">2020<\/td><td class=\"column-2\"><a href=\"http:\/\/percursoseideias.iscet.pt\/index.php\/pi_2020_n10_0003\">O Insight enquanto antecessor do conceito criativo<\/a><BR>Martim Dur\u00e3o<\/td>\n<\/tr>\n<tr class=\"row-31\">\n\t<td class=\"column-1\">2020<\/td><td class=\"column-2\"><a href=\"http:\/\/percursoseideias.iscet.pt\/index.php\/pi_2020_n10_0002\">Marketing de influ\u00eancia e autenticidade: impacto no processo de compra da Gera\u00e7\u00e3o Z<\/a><BR>Mariana Mendes, Jos\u00e9 Magano and Cl\u00e1udia Sousa e Silva<\/td>\n<\/tr>\n<tr class=\"row-32\">\n\t<td class=\"column-1\">2020<\/td><td class=\"column-2\"><a href=\"http:\/\/percursoseideias.iscet.pt\/index.php\/pi_2020_n10_0001\">Social marketing through (S)CSR initiatives implemented by football clubs and their impact on communities<\/a><BR>Lu\u00eds Godinho and Jos\u00e9 Magano<\/td>\n<\/tr>\n<tr class=\"row-33\">\n\t<td class=\"column-1\">2019<\/td><td class=\"column-2\"><a href=\"http:\/\/percursoseideias.iscet.pt\/index.php\/pi_2019_n09_0007\">Uso das Redes Sociais em Contexto Laboral<\/a><BR>Maria Nascimento Cunha and Pedro Valente<\/td>\n<\/tr>\n<tr class=\"row-34\">\n\t<td class=\"column-1\">2019<\/td><td class=\"column-2\"><a href=\"http:\/\/percursoseideias.iscet.pt\/index.php\/pi_2019_n09_0006\">Organiza\u00e7\u00e3o e desenvolvimento tur\u00edstico do Concelho de Valongo: um contributo<\/a><BR>L\u00eddia Aguiar<\/td>\n<\/tr>\n<tr class=\"row-35\">\n\t<td class=\"column-1\">2019<\/td><td class=\"column-2\"><a href=\"http:\/\/percursoseideias.iscet.pt\/index.php\/pi_2019_n09_0005\">A hospitalidade como princ\u00edpio \u00e9tico e pr\u00e1tica social<\/a><BR>Adalberto Dias de Carvalho<\/td>\n<\/tr>\n<tr class=\"row-36\">\n\t<td class=\"column-1\">2019<\/td><td class=\"column-2\"><a href=\"http:\/\/percursoseideias.iscet.pt\/index.php\/pi_2019_n09_0004\">A internacionaliza\u00e7\u00e3o no setor do mobili\u00e1rio: estudo explorat\u00f3rio \u00e0s empresas<\/a><BR>Tiago Andr\u00e9 Martins, Lu\u00eds Dias Pacheco and Fernando Oliveira Tavares<\/td>\n<\/tr>\n<tr class=\"row-37\">\n\t<td class=\"column-1\">2019<\/td><td class=\"column-2\"><a href=\"http:\/\/percursoseideias.iscet.pt\/index.php\/pi_2019_n09_0003\">Going West: nas fronteiras entre a Am\u00e9rica real e a Am\u00e9rica imaginada<\/a><BR>A. Jo\u00e3o Seabra do Amaral<\/td>\n<\/tr>\n<tr class=\"row-38\">\n\t<td class=\"column-1\">2019<\/td><td class=\"column-2\"><a href=\"http:\/\/percursoseideias.iscet.pt\/index.php\/pi_2019_n09_0002\">\u201cFr\u00e1gil, sinto-me fr\u00e1gil\u201d: vulnerabilidades do teletrabalhador<\/a><BR>Susana Ferreira dos Santos<\/td>\n<\/tr>\n<tr class=\"row-39\">\n\t<td class=\"column-1\">2019<\/td><td class=\"column-2\"><a href=\"http:\/\/percursoseideias.iscet.pt\/index.php\/pi_2019_n09_0001\">O direito do administrado \u00e0 informa\u00e7\u00e3o: conte\u00fado e limites<\/a><BR>Isa Ant\u00f3nio<\/td>\n<\/tr>\n<tr class=\"row-40\">\n\t<td class=\"column-1\">2018<\/td><td class=\"column-2\"><a href=\"http:\/\/percursoseideias.iscet.pt\/index.php\/pi_2018_n08_0010-2\">Young adults and the consumption of soft drinks. Aspects of consumer behaviour regarding soft drinks consumption and consumer loyalty <\/a><BR>Ana Catarina Martins Correia Soares<\/td>\n<\/tr>\n<tr class=\"row-41\">\n\t<td class=\"column-1\">2018<\/td><td class=\"column-2\"><a href=\"http:\/\/percursoseideias.iscet.pt\/index.php\/pi_2018_n08_0009-2\">Duas turistas estrangeiras no Porto de Oitocentos: da condi\u00e7\u00e3o feminina aos limites do turismo<\/a><BR>Jorge Ricardo Pinto, Daniela Alves, H\u00e9lder Barbosa and Marta Lopes<\/td>\n<\/tr>\n<tr class=\"row-42\">\n\t<td class=\"column-1\">2018<\/td><td class=\"column-2\"><a href=\"http:\/\/percursoseideias.iscet.pt\/index.php\/pi_2018_n08_0008-2\">A fronteira e o turismo<\/a><BR>Jos\u00e9 Henrique Rocha Mour\u00e3o<\/td>\n<\/tr>\n<tr class=\"row-43\">\n\t<td class=\"column-1\">2018<\/td><td class=\"column-2\"><a href=\"http:\/\/percursoseideias.iscet.pt\/index.php\/pi_2018_n08_0007-2\">City logistics \u2013 Literature review<\/a><BR>Norberto Ant\u00f3nio Leite Bessa<\/td>\n<\/tr>\n<tr class=\"row-44\">\n\t<td class=\"column-1\">2018<\/td><td class=\"column-2\"><a href=\"http:\/\/percursoseideias.iscet.pt\/index.php\/pi_2018_n08_0006-2\">Jogos com fronteiras: o regresso do proteccionismo e do mercantilismo<\/a><BR>Jos\u00e9 Pedro Teixeira Fernandes<\/td>\n<\/tr>\n<tr class=\"row-45\">\n\t<td class=\"column-1\">2018<\/td><td class=\"column-2\"><a href=\"http:\/\/percursoseideias.iscet.pt\/index.php\/pi_2018_n08_0005-2\">Pena de Morte: 150 anos depois da sua aboli\u00e7\u00e3o em Portugal \u2013 O Estado e a pena de morte<\/a><BR>Ana Paula Cabral<\/td>\n<\/tr>\n<tr class=\"row-46\">\n\t<td class=\"column-1\">2018<\/td><td class=\"column-2\"><a href=\"http:\/\/percursoseideias.iscet.pt\/index.php\/pi_2018_n08_0004-2\">A Emerg\u00eancia e Desenvolvimento global do Corporate Governance<\/a><BR>Cl\u00e1udio Flores<\/td>\n<\/tr>\n<tr class=\"row-47\">\n\t<td class=\"column-1\">2018<\/td><td class=\"column-2\"><a href=\"http:\/\/percursoseideias.iscet.pt\/index.php\/pi_2018_n08_0003-2\">Os institutos da prescri\u00e7\u00e3o e da caducidade no C\u00f3digo Civil<\/a><BR>Melanie de Oliveira Neiva Santos<\/td>\n<\/tr>\n<tr class=\"row-48\">\n\t<td class=\"column-1\">2018<\/td><td class=\"column-2\"><a href=\"http:\/\/percursoseideias.iscet.pt\/index.php\/pi_2018_n08_0002-2\">Reflex\u00f5es sobre as recentes altera\u00e7\u00f5es ao Regime do Arrendamento Urbano \u2013 Perspetivas Futuras<\/a><BR>Lu\u00edsa Maria Baptista Lopes Sousa<\/td>\n<\/tr>\n<tr class=\"row-49\">\n\t<td class=\"column-1\">2018<\/td><td class=\"column-2\"><a href=\"http:\/\/percursoseideias.iscet.pt\/index.php\/pi_2018_n08_0001-2\">Titula\u00e7\u00e3o de neg\u00f3cios jur\u00eddicos por documento particular autenticado<\/a><BR>Lu\u00eds Ribeiro<\/td>\n<\/tr>\n<tr class=\"row-50\">\n\t<td class=\"column-1\">2016<\/td><td class=\"column-2\"><a href=\"http:\/\/percursoseideias.iscet.pt\/index.php\/pi_2016_n07_tur6-3\">The Islands as Tourist Destination: Between the Reality and the Imaginary - A Brief Approach<\/a><BR>Adalberto Dias de Carvalho<\/td>\n<\/tr>\n<tr class=\"row-51\">\n\t<td class=\"column-1\">2016<\/td><td class=\"column-2\"><a href=\"http:\/\/percursoseideias.iscet.pt\/index.php\/pi_2016_n07_tur5-2\">A Import\u00e2ncia da Gest\u00e3o Tur\u00edstica no Ensino Superior em Portugal<\/a><BR>Ant\u00f3nio Manuel Brites Salgado, Fernando Manuel Florim Ribeiro de Lemos and Maria Jo\u00e3o Pires da Rosa<\/td>\n<\/tr>\n<tr class=\"row-52\">\n\t<td class=\"column-1\">2016<\/td><td class=\"column-2\"><a href=\"http:\/\/percursoseideias.iscet.pt\/index.php\/pi_2016_n07_tur4-2\">Mem\u00f3ria do Contrabando e Emigra\u00e7\u00e3o Clandestina em Melga\u00e7o: Patrimonializa\u00e7\u00e3o e Musealiza\u00e7\u00e3o<\/a><BR>L\u00eddia Aguiar<\/td>\n<\/tr>\n<tr class=\"row-53\">\n\t<td class=\"column-1\">2016<\/td><td class=\"column-2\"><a href=\"http:\/\/percursoseideias.iscet.pt\/index.php\/pi_2016_n07_tur3-2\">Hospitalidade e Stakeholders: Estudo de Servi\u00e7os Hoteleiros para Idosos \u2013 S\u00e3o Paulo - Brasil<\/a><BR>Ana Maria Guimar\u00e3es da Mota, Carla Kiyokawa Wolff, Elizabeth Kyoko Wada, Laiz Lofiego and Mariana Queiroz Pereira Brasil<\/td>\n<\/tr>\n<tr class=\"row-54\">\n\t<td class=\"column-1\">2016<\/td><td class=\"column-2\"><a href=\"http:\/\/percursoseideias.iscet.pt\/index.php\/pi_2016_n07_tur2-2\">O Potencial do Turismo Militar para a cidade do Porto: O Caso daSegunda Invas\u00e3o Francesa<\/a><BR>Daniela Alves, H\u00e9lder Barbosa and Jorge Ricardo Pinto <\/td>\n<\/tr>\n<tr class=\"row-55\">\n\t<td class=\"column-1\">2016<\/td><td class=\"column-2\"><a href=\"http:\/\/percursoseideias.iscet.pt\/index.php\/pi_2016_n07_tur1-2\">Diagn\u00f3stico Estrat\u00e9gico do Destino Tur\u00edstico Terra Quente<\/a><BR>Ana Duque Dias and Ant\u00f3nio Carrizo Moreira<\/td>\n<\/tr>\n<tr class=\"row-56\">\n\t<td class=\"column-1\">2016<\/td><td class=\"column-2\"><a href=\"http:\/\/percursoseideias.iscet.pt\/index.php\/pi_2016_n07_sol7-2\">A Responsabilidade Tribut\u00e1ria dos Gestores: A Evolu\u00e7\u00e3o do Regime de Revers\u00e3o Fiscal no Ordenamento Jur\u00eddico Portugu\u00eas - O \u00d3nus da Prova<\/a><BR>Rodrigo Maria de Azevedo Soares Cordeiro da Silveira<\/td>\n<\/tr>\n<tr class=\"row-57\">\n\t<td class=\"column-1\">2016<\/td><td class=\"column-2\"><a href=\"http:\/\/percursoseideias.iscet.pt\/index.php\/pi_2016_n07_sol6-2\">O Justificado Interesse Pr\u00f3prio da Sociedade Comercial na Presta\u00e7\u00e3o de Garantias a Outras Entidades<\/a><BR>Melanie de Oliveira Neiva Santos<\/td>\n<\/tr>\n<tr class=\"row-58\">\n\t<td class=\"column-1\">2016<\/td><td class=\"column-2\"><a href=\"http:\/\/percursoseideias.iscet.pt\/index.php\/pi_2016_n07_sol5-2\">Algumas Considera\u00e7\u00f5es Sobre os Julgados de Paz como Meio Alternativo de Resolu\u00e7\u00e3o de Lit\u00edgios (RAL)<\/a><BR>Lu\u00edsa Maria Baptista Lopes Sousa<\/td>\n<\/tr>\n<tr class=\"row-59\">\n\t<td class=\"column-1\">2016<\/td><td class=\"column-2\"><a href=\"http:\/\/percursoseideias.iscet.pt\/index.php\/pi_2016_n07_sol4-2\">A Prova: Processo Arbitral versus Processo Judicial<\/a><BR>Isabel Lemos and Ana Clara Azevedo de Amorim<\/td>\n<\/tr>\n<tr class=\"row-60\">\n\t<td class=\"column-1\">2016<\/td><td class=\"column-2\"><a href=\"http:\/\/percursoseideias.iscet.pt\/index.php\/pi_2016_n07_sol3-2\">O Problema da N\u00e3o Exequibilidade dos Documentos Particulares no Novo C\u00f3digo de Processo Civil<\/a><BR>Daniela Soares and Ana Clara Azevedo de Amorim<\/td>\n<\/tr>\n<tr class=\"row-61\">\n\t<td class=\"column-1\">2016<\/td><td class=\"column-2\"><a href=\"http:\/\/percursoseideias.iscet.pt\/index.php\/pi_2016_n07_sol2-2\">As Subst\u00e2ncias Psicoativas em Ambiente Laboral: Enquadramento Social<\/a><BR>Ana Paula Cabral<\/td>\n<\/tr>\n<tr class=\"row-62\">\n\t<td class=\"column-1\">2016<\/td><td class=\"column-2\"><a href=\"http:\/\/percursoseideias.iscet.pt\/index.php\/pi_2016_n07_sol1-2\">Publicidade Enganosa e Consumidor M\u00e9dio: Estudo Sobre o Exagero Publicit\u00e1rio<\/a><BR>Ana Clara Azevedo de Amorim<\/td>\n<\/tr>\n<tr class=\"row-63\">\n\t<td class=\"column-1\">2016<\/td><td class=\"column-2\"><a href=\"http:\/\/percursoseideias.iscet.pt\/index.php\/pi_2016_n07_ci04-2\">Lean Production - Application to Warehouses<\/a><BR>Norberto Ant\u00f3nio Leite Bessa<\/td>\n<\/tr>\n<tr class=\"row-64\">\n\t<td class=\"column-1\">2016<\/td><td class=\"column-2\"><a href=\"http:\/\/percursoseideias.iscet.pt\/index.php\/pi_2016_n07_ci03-2\">O Papel do IATA no Transporte A\u00e9reo<\/a><BR>L\u00facio Roberto Teixeira Gomes<\/td>\n<\/tr>\n<tr class=\"row-65\">\n\t<td class=\"column-1\">2016<\/td><td class=\"column-2\"><a href=\"http:\/\/percursoseideias.iscet.pt\/index.php\/pi_2016_n07_ci02-2\">CETA - Comprehensive Economic and Trade Agreement e o Novo Paradigma dos Acordos de Com\u00e9rcio Livre<\/a><BR>Adelino Fernando Marques Pereira<\/td>\n<\/tr>\n<tr class=\"row-66\">\n\t<td class=\"column-1\">2016<\/td><td class=\"column-2\"><a href=\"http:\/\/percursoseideias.iscet.pt\/index.php\/pi_2016_n07_ci01-2\">German Balance on Current Account Surpluses - Cause or Result of a Macroeconomic Instability in the Eurozone?<\/a><BR>Gerhard Feldmeier<\/td>\n<\/tr>\n<tr class=\"row-67\">\n\t<td class=\"column-1\">2014<\/td><td class=\"column-2\"><a href=\"http:\/\/percursoseideias.iscet.pt\/index.php\/pi_2014_n06_ci04-2\">A Implementa\u00e7\u00e3o de Regras Comuns de Acesso \u00e0 Atividade e ao Mercado do Transportador A\u00e9reo Comunit\u00e1rio<\/a><BR>Marta Borges<\/td>\n<\/tr>\n<tr class=\"row-68\">\n\t<td class=\"column-1\">2014<\/td><td class=\"column-2\"><a href=\"http:\/\/percursoseideias.iscet.pt\/index.php\/pi_2014_n06_ci03-2\">Structure of the Capital and Financial Stability of the Enterprises in Condition of Modernization of Economics<\/a><BR>Karlibaeva Raya Khojabaeva<\/td>\n<\/tr>\n<tr class=\"row-69\">\n\t<td class=\"column-1\">2014<\/td><td class=\"column-2\"><a href=\"http:\/\/percursoseideias.iscet.pt\/index.php\/pi_2014_n06_ci02-2\">A Diplomacia Econ\u00f3mica num Mundo Multic\u00eantrico - Notas Sobre o Caso Portugu\u00eas (Parte II)<\/a><BR>Jos\u00e9 Pedro Teixeira Fernandes<\/td>\n<\/tr>\n<tr class=\"row-70\">\n\t<td class=\"column-1\">2014<\/td><td class=\"column-2\"><a href=\"http:\/\/percursoseideias.iscet.pt\/index.php\/pi_2014_n06_ci01-2\">Small and Medium Sized Enterprises (SMEs) - Winners of Globalisation?<\/a><BR>Gerhard Feldmeier<\/td>\n<\/tr>\n<tr class=\"row-71\">\n\t<td class=\"column-1\">2013<\/td><td class=\"column-2\"><a href=\"http:\/\/percursoseideias.iscet.pt\/index.php\/pi_2013_n05_rhi4-2\">Outsourcing Logistic Activities in Portugal: Current State and Future Tendencies<\/a><BR>Norberto Ant\u00f3nio Leite Bessa<\/td>\n<\/tr>\n<tr class=\"row-72\">\n\t<td class=\"column-1\">2013<\/td><td class=\"column-2\"><a href=\"http:\/\/percursoseideias.iscet.pt\/index.php\/pi_2013_n05_rhi3-2\">O Transporte A\u00e9reo como Fator de Integra\u00e7\u00e3o do Com\u00e9rcio Internacional - Evolu\u00e7\u00e3o Regulamentar Internacional<\/a><BR>Marta Borges<\/td>\n<\/tr>\n<tr class=\"row-73\">\n\t<td class=\"column-1\">2013<\/td><td class=\"column-2\"><a href=\"http:\/\/percursoseideias.iscet.pt\/index.php\/pi_2013_n05_rhi2-2\">A Diplomacia Econ\u00f3mica num Mundo Multic\u00eantrico (Parte I)<\/a><BR>Jos\u00e9 Pedro Teixeira Fernandes<\/td>\n<\/tr>\n<tr class=\"row-74\">\n\t<td class=\"column-1\">2013<\/td><td class=\"column-2\"><a href=\"http:\/\/percursoseideias.iscet.pt\/index.php\/pi_2013_n05_rhi1-2\">O Com\u00e9rcio Internacional Portugu\u00eas - Notas Sobre o Papel Hist\u00f3rico do Vinho do Porto na Exporta\u00e7\u00e3o<\/a><BR>Adelino Pereira<\/td>\n<\/tr>\n<tr class=\"row-75\">\n\t<td class=\"column-1\">2012<\/td><td class=\"column-2\"><a href=\"http:\/\/percursoseideias.iscet.pt\/index.php\/pi_2011-12_n03-04_mie9-2\">Orienta\u00e7\u00f5es Estrat\u00e9gicas - Integra\u00e7\u00e3o duma Orienta\u00e7\u00e3o para o Mercado e duma Orienta\u00e7\u00e3o Empreendedora<\/a><BR>Rui Jorge de Figueiredo Lagoa<\/td>\n<\/tr>\n<tr class=\"row-76\">\n\t<td class=\"column-1\">2012<\/td><td class=\"column-2\"><a href=\"http:\/\/percursoseideias.iscet.pt\/index.php\/pi_2011-12_n03-04_mie8-2\">An\u00e1lise da Performance Comercial na Banca com Investiga\u00e7\u00e3o Operacional<\/a><BR>Rui Mendes and Dilen Ratanji<\/td>\n<\/tr>\n<tr class=\"row-77\">\n\t<td class=\"column-1\">2012<\/td><td class=\"column-2\"><a href=\"http:\/\/percursoseideias.iscet.pt\/index.php\/pi_2011-12_n03-04_mie7-2\">Innovation and Investment in Energy Generation Facilities Based on Biogas in Agricultural Farms - A Feasibility Case Study<\/a><BR>Teresa Nogueira, Jos\u00e9 Magano and R. F. Mesquita Brand\u00e3o<\/td>\n<\/tr>\n<tr class=\"row-78\">\n\t<td class=\"column-1\">2012<\/td><td class=\"column-2\"><a href=\"http:\/\/percursoseideias.iscet.pt\/index.php\/pi_2011-12_n03-04_mie6-2\">Marketing-at-Retail e Digital Signage<\/a><BR>Jos\u00e9 Magano<\/td>\n<\/tr>\n<tr class=\"row-79\">\n\t<td class=\"column-1\">2012<\/td><td class=\"column-2\"><a href=\"http:\/\/percursoseideias.iscet.pt\/index.php\/pi_2011-12_n03-04_mie5-2\">An\u00e1lisis Conceptual del Marketing Tradicional Versus Marketing Digital - Uma Aplicaci\u00f3n al Sector Banc\u00e1rio<\/a><BR>Maria Jes\u00fas L\u00f3pez Miguens, Encarnaci\u00f3n Gonz\u00e1lez V\u00e1zquez and Lorenzo Rodr\u00edguez Comesa\u00f1a<\/td>\n<\/tr>\n<tr class=\"row-80\">\n\t<td class=\"column-1\">2012<\/td><td class=\"column-2\"><a href=\"http:\/\/percursoseideias.iscet.pt\/index.php\/pi_2011-12_n03-04_mie4-2\">Oportunidade de Neg\u00f3cio na Radiologia em Portugal: An\u00e1lise de Situa\u00e7\u00e3o Actual e Desenvolvimentos Futuros<\/a><BR>Daniel Ferreira Pol\u00f3nia<\/td>\n<\/tr>\n<tr class=\"row-81\">\n\t<td class=\"column-1\">2012<\/td><td class=\"column-2\"><a href=\"http:\/\/percursoseideias.iscet.pt\/index.php\/pi_2011-12_n03-04_mie3-2\">The Changing Social Conception of Childhood and its Relationship to the Marketplace<\/a><BR>Catharine Curran<\/td>\n<\/tr>\n<tr class=\"row-82\">\n\t<td class=\"column-1\">2012<\/td><td class=\"column-2\"><a href=\"http:\/\/percursoseideias.iscet.pt\/index.php\/pi_2011-12_n03-04_mie2-2\">Modelos de Avalia\u00e7\u00e3o da Qualidade do Servi\u00e7o e Satisfa\u00e7\u00e3o do Cliente<\/a><BR>Andreia Taveira da Gama<\/td>\n<\/tr>\n<tr class=\"row-83\">\n\t<td class=\"column-1\">2012<\/td><td class=\"column-2\"><a href=\"http:\/\/percursoseideias.iscet.pt\/index.php\/pi_2011-12_n03-04_mie1-2\">O Fen\u00f3meno das Audi\u00eancias<\/a><BR>Ana Catarina Martins Correia Soares<\/td>\n<\/tr>\n<tr class=\"row-84\">\n\t<td class=\"column-1\">2012<\/td><td class=\"column-2\"><a href=\"http:\/\/percursoseideias.iscet.pt\/index.php\/pi_2011-12_n03-04_rhi7-2\">Os Limites da Diplomacia Parlamentar e a Resolu\u00e7\u00e3o de Conflitos Internacionais: O Caso da Assembleia Parlamentar Euro-Mediterr\u00e2nica e a sua Sucessora - A Assembleia Parlamentar da Uni\u00e3o para o Mediterr\u00e2neo (2004-2011)<\/a><BR>Stelios Stavridis and Roderick Pace<\/td>\n<\/tr>\n<tr class=\"row-85\">\n\t<td class=\"column-1\">2012<\/td><td class=\"column-2\"><a href=\"http:\/\/percursoseideias.iscet.pt\/index.php\/pi_2011-12_n03-04_rhi6-2\">Ass\u00e9dio Moral e Stress em Contexto de Trabalho: Problem\u00e1ticas Pertinentes em GRH<\/a><BR>S\u00f3nia Dantas<\/td>\n<\/tr>\n<tr class=\"row-86\">\n\t<td class=\"column-1\">2012<\/td><td class=\"column-2\"><a href=\"http:\/\/percursoseideias.iscet.pt\/index.php\/pi_2011-12_n03-04_rhi5-2\">A Problem\u00e1tica do Conceito do Abuso no \u00c2mbito da Fiscalidade Directa Europeia<\/a><BR>Rodrigo Maria de Azevedo Soares Cordeiro da Silveira<\/td>\n<\/tr>\n<tr class=\"row-87\">\n\t<td class=\"column-1\">2012<\/td><td class=\"column-2\"><a href=\"http:\/\/percursoseideias.iscet.pt\/index.php\/pi_2011-12_n03-04_rhi4-2\">Outsourcing das Atividades Log\u00edsticas: Determinantes e Impacto Esperado na Dinamiza\u00e7\u00e3o das Exporta\u00e7\u00f5es e Importa\u00e7\u00f5es Portuguesas<\/a><BR>Norberto Ant\u00f3nio Leite Bessa<\/td>\n<\/tr>\n<tr class=\"row-88\">\n\t<td class=\"column-1\">2012<\/td><td class=\"column-2\"><a href=\"http:\/\/percursoseideias.iscet.pt\/index.php\/pi_2011-12_n03-04_rhi3-2\">O Contributo da Humaniza\u00e7\u00e3o para uma Melhor Cidadania<\/a><BR>Maria Teresa Dias Magalh\u00e3es<\/td>\n<\/tr>\n<tr class=\"row-89\">\n\t<td class=\"column-1\">2012<\/td><td class=\"column-2\"><a href=\"http:\/\/percursoseideias.iscet.pt\/index.php\/pi_2011-12_n03-04_rhi2-2\">Capital Humano y Nuevas Tecnologias: Analisis de su Efecto em Resultados Empresariales em el Caso del Turismo Rural Gallego<\/a><BR>Maria Isabel Di\u00e9guez Castrill\u00f3n, Ana Gueimonde Canto, Ana I. Sinde Cantorna and L\u00eddia Blanco Cerradelo<\/td>\n<\/tr>\n<tr class=\"row-90\">\n\t<td class=\"column-1\">2012<\/td><td class=\"column-2\"><a href=\"http:\/\/percursoseideias.iscet.pt\/index.php\/pi_2011-12_n03-04_rhi1-2\">OMA - Organiza\u00e7\u00e3o Mundial das Alf\u00e2ndegas World Custom Organization - \"As Alf\u00e2ndegas do Futuro e o Panorama do Com\u00e9rcio Internacional\"<\/a><BR>Adelino Pereira<\/td>\n<\/tr>\n<tr class=\"row-91\">\n\t<td class=\"column-1\">2012<\/td><td class=\"column-2\"><a href=\"http:\/\/percursoseideias.iscet.pt\/index.php\/pi_2011-12_n03-04_sol5-2\">O Processo Especial de Impugna\u00e7\u00e3o da Regularidade e Licitude do Despedimento - Aspectos gerais<\/a><BR>Lu\u00edsa Maria Baptista Lopes Sousa<\/td>\n<\/tr>\n<tr class=\"row-92\">\n\t<td class=\"column-1\">2012<\/td><td class=\"column-2\"><a href=\"http:\/\/percursoseideias.iscet.pt\/index.php\/pi_2011-12_n03-04_sol4-2\">Building Durable Mediated Statements<\/a><BR>Iwona Wojtalik<\/td>\n<\/tr>\n<tr class=\"row-93\">\n\t<td class=\"column-1\">2012<\/td><td class=\"column-2\"><a href=\"http:\/\/percursoseideias.iscet.pt\/index.php\/pi_2011-12_n03-04_sol3-2\">Do Comodato de Im\u00f3vel por Toda a Vida do Comodot\u00e1rio<\/a><BR>Melanie de Oliveira Neiva Santos<\/td>\n<\/tr>\n<tr class=\"row-94\">\n\t<td class=\"column-1\">2012<\/td><td class=\"column-2\"><a href=\"http:\/\/percursoseideias.iscet.pt\/index.php\/pi_2011-12_n03-04_sol2-2\">My Conscience Your Money - Case Study<\/a><BR>Ana Paula de Pinho Teixeira Mendes Cabral<\/td>\n<\/tr>\n<tr class=\"row-95\">\n\t<td class=\"column-1\">2012<\/td><td class=\"column-2\"><a href=\"http:\/\/percursoseideias.iscet.pt\/index.php\/pi_2011-12_n03-04_sol1-2\">O Direito Especial \u00e0 Ger\u00eancia: Garantias de Tutela Versus Interesse Social<\/a><BR>Ana Clara Azevedo de Amorim<\/td>\n<\/tr>\n<tr class=\"row-96\">\n\t<td class=\"column-1\">2012<\/td><td class=\"column-2\"><a href=\"http:\/\/percursoseideias.iscet.pt\/index.php\/pi_2011-12_n03-04_ss08-2\">Avalia\u00e7\u00e3o da Solid\u00e3o em Pessoas Idosas: Evid\u00eancias de um Estudo Emp\u00edrico na Cidade do Porto<\/a><BR>Paulo Gaspar<\/td>\n<\/tr>\n<tr class=\"row-97\">\n\t<td class=\"column-1\">2012<\/td><td class=\"column-2\"><a href=\"http:\/\/percursoseideias.iscet.pt\/index.php\/pi_2011-12_n03-04_ss07-2\">Projetos de Interven\u00e7\u00e3o: Uma Realidade Social<\/a><BR>F\u00e1tima Vilela<\/td>\n<\/tr>\n<tr class=\"row-98\">\n\t<td class=\"column-1\">2012<\/td><td class=\"column-2\"><a href=\"http:\/\/percursoseideias.iscet.pt\/index.php\/pi_2011-12_n03-04_ss06-2\">Sedentarismo Social e Nomadismo Cultural: A Poss\u00edvel Complementaridade - An\u00e1lise de um Caso de Interven\u00e7\u00e3o S\u00f3cio-Educativa com Recurso \u00e0 Media\u00e7\u00e3o Junto de uma Comunidade Cigana (Paredes)<\/a><BR>M\u00f3nica Patr\u00edcia Nogueira Bessa<\/td>\n<\/tr>\n<tr class=\"row-99\">\n\t<td class=\"column-1\">2012<\/td><td class=\"column-2\"><a href=\"http:\/\/percursoseideias.iscet.pt\/index.php\/pi_2011-12_n03-04_ss05-2\">Solid\u00e3o na Sa\u00fade<\/a><BR>\u00c2ngela Leite and Maria Jo\u00e3o Carvalho<\/td>\n<\/tr>\n<tr class=\"row-100\">\n\t<td class=\"column-1\">2012<\/td><td class=\"column-2\"><a href=\"http:\/\/percursoseideias.iscet.pt\/index.php\/pi_2011-12_n03-04_ss04-2\">A Relev\u00e2ncia Pedag\u00f3gica do Cinema na Forma\u00e7\u00e3o em Trabalho Social: Imagem, Narrativa e Sofrimento<\/a><BR>Nuno Fadigas<\/td>\n<\/tr>\n<tr class=\"row-101\">\n\t<td class=\"column-1\">2012<\/td><td class=\"column-2\"><a href=\"http:\/\/percursoseideias.iscet.pt\/index.php\/pi_2011-12_n03-04_ss03-2\">Solid\u00e3o na Comunidade Universit\u00e1ria<\/a><BR>Doris Macaringue, Quit\u00e9ria Cossa, C\u00e9lia Buque, Gracinda Mataveia and Alcides Sitoe<\/td>\n<\/tr>\n<tr class=\"row-102\">\n\t<td class=\"column-1\">2012<\/td><td class=\"column-2\"><a href=\"http:\/\/percursoseideias.iscet.pt\/index.php\/pi_2011-12_n03-04_ss02-2\">As Crian\u00e7as como Categoria Geracional Aut\u00f3noma: O Estatuto da Crian\u00e7a ao Longo dos Tempos<\/a><BR>Ana Catarina Martins Correia Soares<\/td>\n<\/tr>\n<tr class=\"row-103\">\n\t<td class=\"column-1\">2012<\/td><td class=\"column-2\"><a href=\"http:\/\/percursoseideias.iscet.pt\/index.php\/pi_2011-12_n03-04_ss01-2\">Los Servicios Sociales em el Marco de la Gesti\u00f3n de Calidad<\/a><BR>Juan Carlos Jaramillo Sevilla and Melania Coya Garc\u00eda<\/td>\n<\/tr>\n<tr class=\"row-104\">\n\t<td class=\"column-1\">2012<\/td><td class=\"column-2\"><a href=\"http:\/\/percursoseideias.iscet.pt\/index.php\/pi_2011-12_n03-04_tr10-2\">O Patrim\u00f3nio Cultural e Natural como Alavancas para o Desenvolvimento Tur\u00edstico de Territ\u00f3rios Perif\u00e9ricos<\/a><BR>Paula Cristina Machado Cardona<\/td>\n<\/tr>\n<tr class=\"row-105\">\n\t<td class=\"column-1\">2012<\/td><td class=\"column-2\"><a href=\"http:\/\/percursoseideias.iscet.pt\/index.php\/pi_2011-12_n03-04_tr09-2\">Turismo Urbano, Impactos dos Itiner\u00e1rios nos Destinos Tur\u00edsticos<\/a><BR>L\u00eddia Aguiar, Jorge Ricardo Pinto and Lu\u00eds Ferreira<\/td>\n<\/tr>\n<tr class=\"row-106\">\n\t<td class=\"column-1\">2012<\/td><td class=\"column-2\"><a href=\"http:\/\/percursoseideias.iscet.pt\/index.php\/pi_2011-12_n03-04_tr08-2\">Rotas do Volfr\u00e2mio na Europa: Mem\u00f3ria dos Homens e Patrim\u00f3nio Industrial<\/a><BR>J. C. Pinho, M. Bel\u00e9m, C. Ferreira, L\u00eddia Aguiar and Lu\u00eds Ferreira<\/td>\n<\/tr>\n<tr class=\"row-107\">\n\t<td class=\"column-1\">2012<\/td><td class=\"column-2\"><a href=\"http:\/\/percursoseideias.iscet.pt\/index.php\/pi_2011-12_n03-04_tr07-2\">Raz\u00f5es para a Certifica\u00e7\u00e3o e as Barreiras para a Implementa\u00e7\u00e3o do Q de Qualidade: An\u00e1lise de Comunidade Aut\u00f3noma da Galiza<\/a><BR>Jos\u00e9 \u00c1lvarez Garc\u00eda, Mar\u00eda de la Cruz Del R\u00edo Rama and Jos\u00e9 Antonio Fraiz Brea<\/td>\n<\/tr>\n<tr class=\"row-108\">\n\t<td class=\"column-1\">2012<\/td><td class=\"column-2\"><a href=\"http:\/\/percursoseideias.iscet.pt\/index.php\/pi_2011-12_n03-04_tr06-2\">Patrim\u00f3nio da Humanidade Enquanto Destino Tur\u00edstico-Cultural: Os Casos de Batalha e Alcoba\u00e7a<\/a><BR>Maria da Gra\u00e7a Mouga Po\u00e7as Santos<\/td>\n<\/tr>\n<tr class=\"row-109\">\n\t<td class=\"column-1\">2012<\/td><td class=\"column-2\"><a href=\"http:\/\/percursoseideias.iscet.pt\/index.php\/pi_2011-12_n03-04_tr05-2\">Produtos Tur\u00edsticos Inovadores como uma Resposta ao Surgimento de Novos Perfis e Motiva\u00e7\u00f5es Tur\u00edsticas<\/a><BR>Lu\u00eds Ferreira, Andr\u00e9 Monteiro and Manuel Vasconcelos<\/td>\n<\/tr>\n<tr class=\"row-110\">\n\t<td class=\"column-1\">2012<\/td><td class=\"column-2\"><a href=\"http:\/\/percursoseideias.iscet.pt\/index.php\/pi_2011-12_n03-04_tr04-2\">La Generaci\u00f3n de Compromiso en las Relaciones Fabricante-Distribuidor: Um An\u00e1lisis Emp\u00edrico em el Contexto del Sector de Distribuci\u00f3n del Mueble<\/a><BR>Mar\u00eda de la Cruz Del R\u00edo Rama, Jos\u00e9 \u00c1lvarez Garc\u00eda and Jos\u00e9 Antonio Fraiz Brea<\/td>\n<\/tr>\n<tr class=\"row-111\">\n\t<td class=\"column-1\">2012<\/td><td class=\"column-2\"><a href=\"http:\/\/percursoseideias.iscet.pt\/index.php\/pi_2011-12_n03-04_tr03-2\">Is Heritage Old Fashioned? Renewing Images for Tourist-Historic Cities<\/a><BR>Carina Sousa Gomes<\/td>\n<\/tr>\n<tr class=\"row-112\">\n\t<td class=\"column-1\">2012<\/td><td class=\"column-2\"><a href=\"http:\/\/percursoseideias.iscet.pt\/index.php\/pi_2011-12_n03-04_tr02-2\">El Brand Placement em las Series Audiovisuales como Nueva Alternativa Publicit\u00e1ria<\/a><BR>Noelia Ara\u00fajo Vila and Jos\u00e9 Antonio Fraiz Brea<\/td>\n<\/tr>\n<tr class=\"row-113\">\n\t<td class=\"column-1\">2012<\/td><td class=\"column-2\"><a href=\"http:\/\/percursoseideias.iscet.pt\/index.php\/pi_2011-12_n03-04_tr01-2\">A Expans\u00e3o (Sub)Urbana no Porto Rom\u00e2ntico - O Caso da Freguesia do Bonfim<\/a><BR>Jorge Ricardo Pinto<\/td>\n<\/tr>\n<tr class=\"row-114\">\n\t<td class=\"column-1\">2010<\/td><td class=\"column-2\"><a href=\"http:\/\/percursoseideias.iscet.pt\/index.php\/pi_2010_n02_rhi4-2\">A Gest\u00e3o Transcultural dos Recursos Humanos num Contexto Globalizado e de Mudan\u00e7a Acelerada<\/a><BR>S\u00f3nia Dantas<\/td>\n<\/tr>\n<tr class=\"row-115\">\n\t<td class=\"column-1\">2010<\/td><td class=\"column-2\"><a href=\"http:\/\/percursoseideias.iscet.pt\/index.php\/pi_2010_n02_rhi3-2\">Gest\u00e3o do Desempenho Organizacional<\/a><BR>Paula Portela de Carvalho<\/td>\n<\/tr>\n<tr class=\"row-116\">\n\t<td class=\"column-1\">2010<\/td><td class=\"column-2\"><a href=\"http:\/\/percursoseideias.iscet.pt\/index.php\/pi_2010_n02_rhi2-2\">Capitalismo e Multiculturalismo: O Caso da Finan\u00e7a Isl\u00e2mica<\/a><BR>Jos\u00e9 Pedro Teixeira Fernandes<\/td>\n<\/tr>\n<tr class=\"row-117\">\n\t<td class=\"column-1\">2010<\/td><td class=\"column-2\"><a href=\"http:\/\/percursoseideias.iscet.pt\/index.php\/pi_2010_n02_rhi1-2\">La Dificultad de Reconocer los Bienes Intangibles em la Contabilidad de la Empresa - El Caso del Capital Intelectual<\/a><BR>Ant\u00f3nio Carrizo Moreira and Maria Jos\u00e9 da Silva Faria<\/td>\n<\/tr>\n<tr class=\"row-118\">\n\t<td class=\"column-1\">2010<\/td><td class=\"column-2\"><a href=\"http:\/\/percursoseideias.iscet.pt\/index.php\/pi_2010_n02_sol1-2\/\">O Contracto de Transac\u00e7\u00e3o: Breves Reflex\u00f5es<\/a><BR>Melanie de Oliveira Neiva Santos<\/td>\n<\/tr>\n<tr class=\"row-119\">\n\t<td class=\"column-1\">2010<\/td><td class=\"column-2\"><a href=\"http:\/\/percursoseideias.iscet.pt\/index.php\/pi_2010_n02_ss04-2\">Calidad em Investigaci\u00f3n Social Cualitativa<\/a><BR>Melania Coya Garc\u00eda and Juan Carlos Jaramillo Sevilla<\/td>\n<\/tr>\n<tr class=\"row-120\">\n\t<td class=\"column-1\">2010<\/td><td class=\"column-2\"><a href=\"http:\/\/percursoseideias.iscet.pt\/index.php\/pi_2010_n02_ss03-2\">Education Sp\u00e9cialis\u00e9e, Situations-Limite et Gestion du Contradictoire<\/a><BR>Adalberto Dias de Carvalho and H\u00e9l\u00e8na Theodoropoulou<\/td>\n<\/tr>\n<tr class=\"row-121\">\n\t<td class=\"column-1\">2010<\/td><td class=\"column-2\"><a href=\"http:\/\/percursoseideias.iscet.pt\/index.php\/pi_2010_n02_ss02-2\">L'Enjeu \"Citoyennet\u00e9\" dana la Construction de l'Union Europ\u00e9enne: Aspects Politiques et Conceptuels<\/a><BR>Georges Stamelos<\/td>\n<\/tr>\n<tr class=\"row-122\">\n\t<td class=\"column-1\">2010<\/td><td class=\"column-2\"><a href=\"http:\/\/percursoseideias.iscet.pt\/index.php\/pi_2010_n02_ss01-2\">Variations in the Perception of Loneliness by Sociodemographic Variables<\/a><BR>\u00c2ngela Leite, Paulo Gaspar and Adalberto Dias de Carvalho<\/td>\n<\/tr>\n<tr class=\"row-123\">\n\t<td class=\"column-1\">2010<\/td><td class=\"column-2\"><a href=\"http:\/\/percursoseideias.iscet.pt\/index.php\/pi_2010_n02_tr19-2\">Circuito Tur\u00edstico-Cultural - Porto Almadino: Contributos para a Cria\u00e7\u00e3o de Um Neg\u00f3cio em Turismo<\/a><BR>L\u00eddia Aguiar, Lu\u00eds Ferreira and Jorge Ricardo Pinto<\/td>\n<\/tr>\n<tr class=\"row-124\">\n\t<td class=\"column-1\">2010<\/td><td class=\"column-2\"><a href=\"http:\/\/percursoseideias.iscet.pt\/index.php\/pi_2010_n02_tr18-2\">A Pr\u00e1tica e o Sucesso dos Itiner\u00e1rios Tur\u00edsticos Culturais nas Diversas Dimens\u00f5es Territoriais<\/a><BR>Susana Varela and Lu\u00eds Ferreira<\/td>\n<\/tr>\n<tr class=\"row-125\">\n\t<td class=\"column-1\">2010<\/td><td class=\"column-2\"><a href=\"http:\/\/percursoseideias.iscet.pt\/index.php\/pi_2010_n02_tr17-2\">Padr\u00f5es de Distribui\u00e7\u00e3o Hoteleira no Porto no Final do S\u00e9c. XIX<\/a><BR>Jorge Ricardo Pinto and Ana L\u00edgia Azevedo<\/td>\n<\/tr>\n<tr class=\"row-126\">\n\t<td class=\"column-1\">2010<\/td><td class=\"column-2\"><a href=\"http:\/\/percursoseideias.iscet.pt\/index.php\/pi_2010_n02_tr16-2\">Destination Tourism Planning Benchmarking<\/a><BR>Lu\u00eds Ferreira and Maria Jo\u00e3o Azeredo<\/td>\n<\/tr>\n<tr class=\"row-127\">\n\t<td class=\"column-1\">2010<\/td><td class=\"column-2\"><a href=\"http:\/\/percursoseideias.iscet.pt\/index.php\/pi_2010_n02_tr15-2\">Proposta para um Modelo de Diagn\u00f3stico Estrat\u00e9gico de Destinos Tur\u00edsticos<\/a><BR>Nicolino Ribeiro and Lu\u00eds Ferreira<\/td>\n<\/tr>\n<tr class=\"row-128\">\n\t<td class=\"column-1\">2010<\/td><td class=\"column-2\"><a href=\"http:\/\/percursoseideias.iscet.pt\/index.php\/pi_2010_n02_tr14-2\">Creating a City Image for Instanbul: Religion as the Main Theme<\/a><BR>\u00dclke Evrim Uysal<\/td>\n<\/tr>\n<tr class=\"row-129\">\n\t<td class=\"column-1\">2010<\/td><td class=\"column-2\"><a href=\"http:\/\/percursoseideias.iscet.pt\/index.php\/pi_2010_n02_tr13-2\">Religious Tourism: A Vehicle for Alternative and Sustainable Tourism in Turkey<\/a><BR>Nuray Turker<\/td>\n<\/tr>\n<tr class=\"row-130\">\n\t<td class=\"column-1\">2010<\/td><td class=\"column-2\"><a href=\"http:\/\/percursoseideias.iscet.pt\/index.php\/pi_2010_n02_tr12-2\">Turismo Deportivo em la Provincia de Ourense: Impacto Econ\u00f3mico de Eventos Internacionales<\/a><BR>Maria Lorena Rodr\u00edguez Campo and Patricio S\u00e1nchez Fern\u00e1ndez<\/td>\n<\/tr>\n<tr class=\"row-131\">\n\t<td class=\"column-1\">2010<\/td><td class=\"column-2\"><a href=\"http:\/\/percursoseideias.iscet.pt\/index.php\/pi_2010_n02_tr11-2\">Marketing of Rural Tourism Enterprises - An Option Outlined or at the \"Flavor of the Cirmcunstances\" - Research Hypotheses<\/a><BR>L\u00facia de Jesus, Elisabeth Kastenholz and Elisabete Figueiredo<\/td>\n<\/tr>\n<tr class=\"row-132\">\n\t<td class=\"column-1\">2010<\/td><td class=\"column-2\"><a href=\"http:\/\/percursoseideias.iscet.pt\/index.php\/pi_2010_n02_tr10-2\">Conceptualizaci\u00f3n del Turismo Inducido a Trav\u00e9s del Cine: Uma Aplicaci\u00f3n al Mercado Espa\u00f1ol<\/a><BR>Maria Lorena Rodr\u00edguez Campo and Jos\u00e9 Antonio Fraiz Brea<\/td>\n<\/tr>\n<tr class=\"row-133\">\n\t<td class=\"column-1\">2010<\/td><td class=\"column-2\"><a href=\"http:\/\/percursoseideias.iscet.pt\/index.php\/pi_2010_n02_tr09-2\">Tourism International Development Cooperation: UNTWO Innovative Forms of Transferring Knowledge to Developing Countries<\/a><BR>Susana Lima, Maria Celeste Aguiar Eus\u00e9bio and Maria do Ros\u00e1rio Partid\u00e1rio<\/td>\n<\/tr>\n<tr class=\"row-134\">\n\t<td class=\"column-1\">2010<\/td><td class=\"column-2\"><a href=\"http:\/\/percursoseideias.iscet.pt\/index.php\/pi_2010_n02_tr08-2\">Empreendedorismo e Turismo: Uma Rela\u00e7\u00e3o Virtuosa<\/a><BR>Manuela Coutinho and Lara Santos<\/td>\n<\/tr>\n<tr class=\"row-135\">\n\t<td class=\"column-1\">2010<\/td><td class=\"column-2\"><a href=\"http:\/\/percursoseideias.iscet.pt\/index.php\/pi_2010_n02_tr07-2\">How do Iconic Heritage Tourist Attractions Remain Relevant to Their Audience?<\/a><BR>Julia Crozier<\/td>\n<\/tr>\n<tr class=\"row-136\">\n\t<td class=\"column-1\">2010<\/td><td class=\"column-2\"><a href=\"http:\/\/percursoseideias.iscet.pt\/index.php\/pi_2010_n02_tr06-2\">Turismo e Exclus\u00e3o Social: O Turismo Social como Potencial Instrumento de Aprendizagem<\/a><BR>Joana In\u00eas S. de Lima, Maria Celeste Aguiar Eus\u00e9bio and Celeste M. D. Amorim Varum<\/td>\n<\/tr>\n<tr class=\"row-137\">\n\t<td class=\"column-1\">2010<\/td><td class=\"column-2\"><a href=\"http:\/\/percursoseideias.iscet.pt\/index.php\/pi_2010_n02_tr05-2\">Success Factors for the Tourist Management of Wine Routes<\/a><BR>Giulia dal B\u00f2, Sabine Pichler and Herald Pechlaner<\/td>\n<\/tr>\n<tr class=\"row-138\">\n\t<td class=\"column-1\">2010<\/td><td class=\"column-2\"><a href=\"http:\/\/percursoseideias.iscet.pt\/index.php\/pi_2010_n02_tr04-2\">A Gest\u00e3o da Sazonalidade do Turismo Atrav\u00e9s dos Recursos Humanos: Uma Abordagem Conceptual<\/a><BR>Emanuelle Pimentel and Manuel Salvador Ara\u00fajo<\/td>\n<\/tr>\n<tr class=\"row-139\">\n\t<td class=\"column-1\">2010<\/td><td class=\"column-2\"><a href=\"http:\/\/percursoseideias.iscet.pt\/index.php\/pi_2010_n02_tr03-2\">A Import\u00e2ncia das Tecnologias de Informa\u00e7\u00e3o e Comunica\u00e7\u00e3o no Desenvolvimento das Rotas dos Vinhos Portuguesas<\/a><BR>Cristina Barroco, Suzanne Amaro and Joaquim Antunes<\/td>\n<\/tr>\n<tr class=\"row-140\">\n\t<td class=\"column-1\">2010<\/td><td class=\"column-2\"><a href=\"http:\/\/percursoseideias.iscet.pt\/index.php\/pi_2010_n02_tr02-2\">Architecture, Tourism and Sustainable Development for the Douro Region<\/a><BR>Ant\u00f3nio Feio and Manuel Correia Guedes<\/td>\n<\/tr>\n<tr class=\"row-141\">\n\t<td class=\"column-1\">2010<\/td><td class=\"column-2\"><a href=\"http:\/\/percursoseideias.iscet.pt\/index.php\/pi_2010_n02_tr01-2\">Sustainability, Destination Choice and Tourist Behaviour - Case of Latvia<\/a><BR>Aija van der Steina and Ilze Medne<\/td>\n<\/tr>\n<tr class=\"row-142\">\n\t<td class=\"column-1\">2009<\/td><td class=\"column-2\"><a href=\"http:\/\/percursoseideias.iscet.pt\/index.php\/pi_2009_n01_0020-2\">A Mediaci\u00f3n como Ferramenta Metodol\u00f3xica para os Asistentes Sociais na Resoluci\u00f3n de Conflictos<\/a><BR>Melania Coya Garc\u00eda and Juan Carlos Jaramillo Sevilla<\/td>\n<\/tr>\n<tr class=\"row-143\">\n\t<td class=\"column-1\">2009<\/td><td class=\"column-2\"><a href=\"http:\/\/percursoseideias.iscet.pt\/index.php\/pi_2009_n01_0019-2\">La \u00abVoie Exodique\u00bb Comme une Voie de Probl\u00e9matisation et les Dilemmes Moraux Comme Outils de Formation<\/a><BR>Adalberto Dias de Carvalho and H\u00e9l\u00e8na Theodoropoulou<\/td>\n<\/tr>\n<tr class=\"row-144\">\n\t<td class=\"column-1\">2009<\/td><td class=\"column-2\"><a href=\"http:\/\/percursoseideias.iscet.pt\/index.php\/pi_2009_n01_0018-2\">Envelhecer com Qualidade<\/a><BR>H\u00e9lder Santos<\/td>\n<\/tr>\n<tr class=\"row-145\">\n\t<td class=\"column-1\">2009<\/td><td class=\"column-2\"><a href=\"http:\/\/percursoseideias.iscet.pt\/index.php\/pi_2009_n01_0017-2\">Forma\u00e7\u00e3o Profissional em Servi\u00e7o Social<\/a><BR>H\u00e9lder Santos<\/td>\n<\/tr>\n<tr class=\"row-146\">\n\t<td class=\"column-1\">2009<\/td><td class=\"column-2\"><a href=\"http:\/\/percursoseideias.iscet.pt\/index.php\/pi_2009_n01_0016-2\">As Incompatibilidades e Impedimentos do Solicitador de Execu\u00e7\u00e3o: An\u00e1lise Cr\u00edtica<\/a><BR>Paulo Teixeira<\/td>\n<\/tr>\n<tr class=\"row-147\">\n\t<td class=\"column-1\">2009<\/td><td class=\"column-2\"><a href=\"http:\/\/percursoseideias.iscet.pt\/index.php\/pi_2009_n01_0015-2\">Turismo como Ci\u00eancia?<\/a><BR>Jos\u00e9 Henrique Mour\u00e3o<\/td>\n<\/tr>\n<tr class=\"row-148\">\n\t<td class=\"column-1\">2009<\/td><td class=\"column-2\"><a href=\"http:\/\/percursoseideias.iscet.pt\/index.php\/pi_2009_n01_0014-2\">As Festas Populares Urbanas: Eventos Tur\u00edsticos Especiais<\/a><BR>Susana Ribeiro and Lu\u00eds Ferreira<\/td>\n<\/tr>\n<tr class=\"row-149\">\n\t<td class=\"column-1\">2009<\/td><td class=\"column-2\"><a href=\"http:\/\/percursoseideias.iscet.pt\/index.php\/pi_2009_n01_0013-2\">O Espa\u00e7o P\u00fablico e o Turismo - Identidade e Cen\u00e1rio em Duas Pra\u00e7as da Cidade do Porto<\/a><BR>Jorge Ricardo Pinto<\/td>\n<\/tr>\n<tr class=\"row-150\">\n\t<td class=\"column-1\">2009<\/td><td class=\"column-2\"><a href=\"http:\/\/percursoseideias.iscet.pt\/index.php\/pi_2009_n01_0012-2\">Vis\u00e3o de S\u00edntese sobre a Problem\u00e1tica da Motiva\u00e7\u00e3o Tur\u00edstica<\/a><BR>Francisco Dias<\/td>\n<\/tr>\n<tr class=\"row-151\">\n\t<td class=\"column-1\">2009<\/td><td class=\"column-2\"><a href=\"http:\/\/percursoseideias.iscet.pt\/index.php\/pi_2009_n01_0011-2\">Impactos do Turismo nos Destinos Tur\u00edsticos<\/a><BR>Lu\u00eds Ferreira<\/td>\n<\/tr>\n<tr class=\"row-152\">\n\t<td class=\"column-1\">2009<\/td><td class=\"column-2\"><a href=\"http:\/\/percursoseideias.iscet.pt\/index.php\/pi_2009_n01_0010-2\">Sistema de Controlo Interno para a \u00c1rea de Ordenados e Sal\u00e1rios<\/a><BR>Ivone Santos<\/td>\n<\/tr>\n<tr class=\"row-153\">\n\t<td class=\"column-1\">2009<\/td><td class=\"column-2\"><a href=\"http:\/\/percursoseideias.iscet.pt\/index.php\/pi_2009_n01_0009-2\">Organizar para a Comunica\u00e7\u00e3o de Marketing Integrada<\/a><BR>Ana Catarina Martins Correia Soares<\/td>\n<\/tr>\n<tr class=\"row-154\">\n\t<td class=\"column-1\">2009<\/td><td class=\"column-2\"><a href=\"http:\/\/percursoseideias.iscet.pt\/index.php\/pi_2009_n01_0008-2\">Mudan\u00e7a Organizacional<\/a><BR>Paula Portela de Carvalho<\/td>\n<\/tr>\n<tr class=\"row-155\">\n\t<td class=\"column-1\">2009<\/td><td class=\"column-2\"><a href=\"http:\/\/percursoseideias.iscet.pt\/index.php\/pi_2009_n01_0007-2\">A Responsabilidade Social da Empresa e os Seus Cr\u00edticos<\/a><BR>Jos\u00e9 Pedro Teixeira Fernandes<\/td>\n<\/tr>\n<tr class=\"row-156\">\n\t<td class=\"column-1\">2009<\/td><td class=\"column-2\"><a href=\"http:\/\/percursoseideias.iscet.pt\/index.php\/pi_2009_n01_0006-2\">A Nova Era do Marketing na Banca<\/a><BR>Rui Mendes and Dilen Ratanji<\/td>\n<\/tr>\n<tr class=\"row-157\">\n\t<td class=\"column-1\">2009<\/td><td class=\"column-2\"><a href=\"http:\/\/percursoseideias.iscet.pt\/index.php\/pi_2009_n01_0005-2\">Desafios das PME num Contexto de Globaliza\u00e7\u00e3o<\/a><BR>Ant\u00f3nio Carrizo Moreira<\/td>\n<\/tr>\n<tr class=\"row-158\">\n\t<td class=\"column-1\">2009<\/td><td class=\"column-2\"><a href=\"http:\/\/percursoseideias.iscet.pt\/index.php\/pi_2009_n01_0004-2\">As Pol\u00edticas de Pre\u00e7o em Rela\u00e7\u00f5es B2B - A Aplicabilidade de Programas \u201cPre\u00e7os Baixos Todos os Dias\u201d<\/a><BR>Paulo Rui Lopes Miguel<\/td>\n<\/tr>\n<tr class=\"row-159\">\n\t<td class=\"column-1\">2009<\/td><td class=\"column-2\"><a href=\"http:\/\/percursoseideias.iscet.pt\/index.php\/pi_2009_n01_0003-2\">Inf\u00e2ncia, Modernidade e Mudan\u00e7a<\/a><BR>Manuel Jacinto Sarmento<\/td>\n<\/tr>\n<tr class=\"row-160\">\n\t<td class=\"column-1\">2009<\/td><td class=\"column-2\"><a href=\"http:\/\/percursoseideias.iscet.pt\/index.php\/pi_2009_n01_0002-2\">O e-Learning como Factor de Sucesso na Gest\u00e3o da Inova\u00e7\u00e3o<\/a><BR>Jos\u00e9 Magano, Elena Sochirca and Carlos Vaz de Carvalho<\/td>\n<\/tr>\n<tr class=\"row-161\">\n\t<td class=\"column-1\">2009<\/td><td class=\"column-2\"><a href=\"http:\/\/percursoseideias.iscet.pt\/index.php\/pi_2009_n01_0001-2\">Marketing Infantil: A Crian\u00e7a, a Publicidade e o Consumo<\/a><BR>Ana Catarina Martins Correia Soares<\/td>\n<\/tr>\n<\/tbody>\n<\/table>\n<!-- #tablepress-3 from cache -->\n","protected":false},"excerpt":{"rendered":"","protected":false},"author":6,"featured_media":0,"parent":0,"menu_order":0,"comment_status":"closed","ping_status":"closed","template":"","meta":{"footnotes":""},"class_list":["post-62","page","type-page","status-publish","hentry"],"_links":{"self":[{"href":"https:\/\/percursoseideias.iscet.pt\/index.php\/wp-json\/wp\/v2\/pages\/62","targetHints":{"allow":["GET"]}}],"collection":[{"href":"https:\/\/percursoseideias.iscet.pt\/index.php\/wp-json\/wp\/v2\/pages"}],"about":[{"href":"https:\/\/percursoseideias.iscet.pt\/index.php\/wp-json\/wp\/v2\/types\/page"}],"author":[{"embeddable":true,"href":"https:\/\/percursoseideias.iscet.pt\/index.php\/wp-json\/wp\/v2\/users\/6"}],"replies":[{"embeddable":true,"href":"https:\/\/percursoseideias.iscet.pt\/index.php\/wp-json\/wp\/v2\/comments?post=62"}],"version-history":[{"count":11,"href":"https:\/\/percursoseideias.iscet.pt\/index.php\/wp-json\/wp\/v2\/pages\/62\/revisions"}],"predecessor-version":[{"id":2615,"href":"https:\/\/percursoseideias.iscet.pt\/index.php\/wp-json\/wp\/v2\/pages\/62\/revisions\/2615"}],"wp:attachment":[{"href":"https:\/\/percursoseideias.iscet.pt\/index.php\/wp-json\/wp\/v2\/media?parent=62"}],"curies":[{"name":"wp","href":"https:\/\/api.w.org\/{rel}","templated":true}]}}