{"id":58,"date":"2022-03-01T13:25:00","date_gmt":"2022-03-01T13:25:00","guid":{"rendered":"http:\/\/percursoseideias.iscet.pt\/?page_id=58"},"modified":"2026-01-07T16:23:18","modified_gmt":"2026-01-07T16:23:18","slug":"current-issues","status":"publish","type":"page","link":"https:\/\/percursoseideias.iscet.pt\/index.php\/current-issues\/","title":{"rendered":"Current issue"},"content":{"rendered":"\n<div class=\"wp-block-columns is-layout-flex wp-container-core-columns-is-layout-9d6595d7 wp-block-columns-is-layout-flex\">\n<div class=\"wp-block-column is-layout-flow wp-block-column-is-layout-flow\" style=\"flex-basis:33.33%\">\n<figure class=\"wp-block-image size-full is-style-default\"><img loading=\"lazy\" decoding=\"async\" width=\"1080\" height=\"1350\" src=\"https:\/\/percursoseideias.iscet.pt\/wp-content\/uploads\/2025\/12\/Capa-14.jpg\" alt=\"\" class=\"wp-image-3062\" srcset=\"https:\/\/percursoseideias.iscet.pt\/wp-content\/uploads\/2025\/12\/Capa-14.jpg 1080w, https:\/\/percursoseideias.iscet.pt\/wp-content\/uploads\/2025\/12\/Capa-14-240x300.jpg 240w, https:\/\/percursoseideias.iscet.pt\/wp-content\/uploads\/2025\/12\/Capa-14-819x1024.jpg 819w, https:\/\/percursoseideias.iscet.pt\/wp-content\/uploads\/2025\/12\/Capa-14-768x960.jpg 768w\" sizes=\"auto, (max-width: 1080px) 100vw, 1080px\" \/><\/figure>\n\n\n\n<p class=\"has-text-align-center\" style=\"font-size:16px\"><a href=\"https:\/\/percursoseideias.iscet.pt\/index.php\/volume-1-2009\/\"><img loading=\"lazy\" decoding=\"async\" width=\"16\" height=\"13\" class=\"wp-image-373\" style=\"width: 16px;\" src=\"https:\/\/percursoseideias.iscet.pt\/wp-content\/uploads\/2022\/03\/DoubleArrow_Left.jpg\" alt=\"\" srcset=\"https:\/\/percursoseideias.iscet.pt\/wp-content\/uploads\/2022\/03\/DoubleArrow_Left.jpg 1150w, https:\/\/percursoseideias.iscet.pt\/wp-content\/uploads\/2022\/03\/DoubleArrow_Left-300x239.jpg 300w, https:\/\/percursoseideias.iscet.pt\/wp-content\/uploads\/2022\/03\/DoubleArrow_Left-1024x816.jpg 1024w, https:\/\/percursoseideias.iscet.pt\/wp-content\/uploads\/2022\/03\/DoubleArrow_Left-768x612.jpg 768w\" sizes=\"auto, (max-width: 16px) 100vw, 16px\" \/><\/a> <a href=\"https:\/\/percursoseideias.iscet.pt\/index.php\/volume-10-2020\/\"><img loading=\"lazy\" decoding=\"async\" width=\"11\" height=\"12\" class=\"wp-image-371\" style=\"width: 11px;\" src=\"https:\/\/percursoseideias.iscet.pt\/wp-content\/uploads\/2022\/03\/Arrow_Left.jpg\" alt=\"\" srcset=\"https:\/\/percursoseideias.iscet.pt\/wp-content\/uploads\/2022\/03\/Arrow_Left.jpg 820w, https:\/\/percursoseideias.iscet.pt\/wp-content\/uploads\/2022\/03\/Arrow_Left-269x300.jpg 269w, https:\/\/percursoseideias.iscet.pt\/wp-content\/uploads\/2022\/03\/Arrow_Left-150x150.jpg 150w, https:\/\/percursoseideias.iscet.pt\/wp-content\/uploads\/2022\/03\/Arrow_Left-768x858.jpg 768w, https:\/\/percursoseideias.iscet.pt\/wp-content\/uploads\/2022\/03\/Arrow_Left-80x80.jpg 80w, https:\/\/percursoseideias.iscet.pt\/wp-content\/uploads\/2022\/03\/Arrow_Left-320x320.jpg 320w\" sizes=\"auto, (max-width: 11px) 100vw, 11px\" \/><\/a> <a href=\"https:\/\/percursoseideias.iscet.pt\/index.php\/archive\/\">Archive<\/a><br><a href=\"https:\/\/percursoseideias.iscet.pt\/articles\/pi2025n14.pdf\">Complete issue<\/a><br><a href=\"https:\/\/percursoseideias.iscet.pt\/index.php\/current-issues\/\">Current issue<\/a><\/p>\n<\/div>\n\n\n\n<div class=\"wp-block-column is-layout-flow wp-block-column-is-layout-flow\" style=\"flex-basis:66.66%\">\n<p><strong>Table of contents<\/strong><\/p>\n\n\n\n<figure style=\"font-size:16px\" class=\"wp-block-table\"><table class=\"has-white-background-color has-background\"><tbody><tr><td class=\"has-text-align-left\" data-align=\"left\"><a href=\"https:\/\/percursoseideias.iscet.pt\/articles\/pi_2024_n13.pdf\">Editorial<br>Adalberto Dias de Carvalho<\/a> <a href=\"https:\/\/orcid.org\/0000-0001-5826-7582\" target=\"_blank\" rel=\"noreferrer noopener\"><img loading=\"lazy\" decoding=\"async\" width=\"15\" height=\"15\" class=\"wp-image-174\" style=\"width: 15px;\" src=\"https:\/\/percursoseideias.iscet.pt\/wp-content\/uploads\/2022\/03\/orcid-og-image.png\" alt=\"\" srcset=\"https:\/\/percursoseideias.iscet.pt\/wp-content\/uploads\/2022\/03\/orcid-og-image.png 263w, https:\/\/percursoseideias.iscet.pt\/wp-content\/uploads\/2022\/03\/orcid-og-image-150x150.png 150w, https:\/\/percursoseideias.iscet.pt\/wp-content\/uploads\/2022\/03\/orcid-og-image-80x80.png 80w\" sizes=\"auto, (max-width: 15px) 100vw, 15px\" \/><\/a><\/td><td class=\"has-text-align-right\" data-align=\"right\"><a href=\"https:\/\/percursoseideias.iscet.pt\/articles\/pi2025n14.pdf\"><img loading=\"lazy\" decoding=\"async\" width=\"45\" height=\"45\" class=\"wp-image-175\" style=\"width: 45px;\" src=\"https:\/\/percursoseideias.iscet.pt\/wp-content\/uploads\/2022\/03\/PDF_logo.jpeg\" alt=\"\" srcset=\"https:\/\/percursoseideias.iscet.pt\/wp-content\/uploads\/2022\/03\/PDF_logo.jpeg 612w, https:\/\/percursoseideias.iscet.pt\/wp-content\/uploads\/2022\/03\/PDF_logo-300x300.jpeg 300w, https:\/\/percursoseideias.iscet.pt\/wp-content\/uploads\/2022\/03\/PDF_logo-150x150.jpeg 150w, https:\/\/percursoseideias.iscet.pt\/wp-content\/uploads\/2022\/03\/PDF_logo-80x80.jpeg 80w, https:\/\/percursoseideias.iscet.pt\/wp-content\/uploads\/2022\/03\/PDF_logo-320x320.jpeg 320w\" sizes=\"auto, (max-width: 45px) 100vw, 45px\" \/><\/a><\/td><\/tr><tr><td class=\"has-text-align-left\" data-align=\"left\"><a href=\"https:\/\/percursoseideias.iscet.pt\/index.php\/volume-14-2025-001\/\" data-type=\"page\" data-id=\"3070\">O turismo como reencontro antropol\u00f3gico <\/a><br>Adalberto Dias de Carvalho <a href=\"https:\/\/orcid.org\/0000-0001-5826-7582\" data-type=\"link\" data-id=\"https:\/\/orcid.org\/0000-0001-5826-7582\" target=\"_blank\" rel=\"noreferrer noopener\"><img loading=\"lazy\" decoding=\"async\" width=\"15\" height=\"15\" class=\"wp-image-174\" style=\"width: 15px;\" src=\"https:\/\/percursoseideias.iscet.pt\/wp-content\/uploads\/2022\/03\/orcid-og-image.png\" alt=\"\" srcset=\"https:\/\/percursoseideias.iscet.pt\/wp-content\/uploads\/2022\/03\/orcid-og-image.png 263w, https:\/\/percursoseideias.iscet.pt\/wp-content\/uploads\/2022\/03\/orcid-og-image-150x150.png 150w, https:\/\/percursoseideias.iscet.pt\/wp-content\/uploads\/2022\/03\/orcid-og-image-80x80.png 80w\" sizes=\"auto, (max-width: 15px) 100vw, 15px\" \/><\/a><\/td><td class=\"has-text-align-right\" data-align=\"right\"><a href=\"https:\/\/percursoseideias.iscet.pt\/articles\/pi2025n14001.pdf\" target=\"_blank\" rel=\"noreferrer noopener\"><img loading=\"lazy\" decoding=\"async\" width=\"45\" height=\"45\" class=\"wp-image-175\" style=\"width: 45px;\" src=\"https:\/\/percursoseideias.iscet.pt\/wp-content\/uploads\/2022\/03\/PDF_logo.jpeg\" alt=\"\" srcset=\"https:\/\/percursoseideias.iscet.pt\/wp-content\/uploads\/2022\/03\/PDF_logo.jpeg 612w, https:\/\/percursoseideias.iscet.pt\/wp-content\/uploads\/2022\/03\/PDF_logo-300x300.jpeg 300w, https:\/\/percursoseideias.iscet.pt\/wp-content\/uploads\/2022\/03\/PDF_logo-150x150.jpeg 150w, https:\/\/percursoseideias.iscet.pt\/wp-content\/uploads\/2022\/03\/PDF_logo-80x80.jpeg 80w, https:\/\/percursoseideias.iscet.pt\/wp-content\/uploads\/2022\/03\/PDF_logo-320x320.jpeg 320w\" sizes=\"auto, (max-width: 45px) 100vw, 45px\" \/><\/a><\/td><\/tr><tr><td class=\"has-text-align-left\" data-align=\"left\"><a href=\"https:\/\/percursoseideias.iscet.pt\/index.php\/volume-14-2025-002\/\" data-type=\"page\" data-id=\"3089\">Os contratos de patroc\u00ednio (sponsoring) e de merchandising <\/a><br>Eduardo Martins <a href=\"https:\/\/orcid.org\/0009-0003-6612-6247\" target=\"_blank\" rel=\"noreferrer noopener\"><img decoding=\"async\" src=\"https:\/\/percursoseideias.iscet.pt\/wp-content\/uploads\/2022\/03\/orcid-og-image.png\" alt=\"\" style=\"width: 15px;\"><\/a><\/td><td class=\"has-text-align-right\" data-align=\"right\"><a href=\"https:\/\/percursoseideias.iscet.pt\/articles\/pi2025n14002.pdf\" target=\"_blank\" rel=\"noreferrer noopener\"><img loading=\"lazy\" decoding=\"async\" width=\"45\" height=\"45\" class=\"wp-image-175\" style=\"width: 45px;\" src=\"https:\/\/percursoseideias.iscet.pt\/wp-content\/uploads\/2022\/03\/PDF_logo.jpeg\" alt=\"\" srcset=\"https:\/\/percursoseideias.iscet.pt\/wp-content\/uploads\/2022\/03\/PDF_logo.jpeg 612w, https:\/\/percursoseideias.iscet.pt\/wp-content\/uploads\/2022\/03\/PDF_logo-300x300.jpeg 300w, https:\/\/percursoseideias.iscet.pt\/wp-content\/uploads\/2022\/03\/PDF_logo-150x150.jpeg 150w, https:\/\/percursoseideias.iscet.pt\/wp-content\/uploads\/2022\/03\/PDF_logo-80x80.jpeg 80w, https:\/\/percursoseideias.iscet.pt\/wp-content\/uploads\/2022\/03\/PDF_logo-320x320.jpeg 320w\" sizes=\"auto, (max-width: 45px) 100vw, 45px\" \/><\/a><\/td><\/tr><tr><td class=\"has-text-align-left\" data-align=\"left\"><a href=\"https:\/\/percursoseideias.iscet.pt\/index.php\/volume-13-2024-003\/\">I<\/a><a href=\"https:\/\/percursoseideias.iscet.pt\/index.php\/volume-14-2025-003\/\" data-type=\"page\" data-id=\"3075\">nova\u00e7\u00e3o nos modelos de neg\u00f3cio das ag\u00eancias de viagens tradicionais: uma abordagem te\u00f3rica ao &#8220;Business Model Canvas&#8221; como ferramenta na transforma\u00e7\u00e3o digital <br><\/a>El\u00f3i Jorge <a href=\"https:\/\/orcid.org\/0000-0002-0523-2762\" target=\"_blank\" rel=\"noreferrer noopener\"><img decoding=\"async\" style=\"width: 15px;\" src=\"https:\/\/percursoseideias.iscet.pt\/wp-content\/uploads\/2022\/03\/orcid-og-image.png\" alt=\"\"><\/a> e Lu\u00eds Almeida <a href=\"https:\/\/orcid.org\/0000-0002-5633-4443\" target=\"_blank\" rel=\"noreferrer noopener\"><\/a><a href=\"https:\/\/orcid.org\/0000-0003-2086-559X\" data-type=\"link\" data-id=\"https:\/\/orcid.org\/0000-0003-2086-559X\" target=\"_blank\" rel=\"noreferrer noopener\"><img decoding=\"async\" style=\"width: 15px;\" src=\"https:\/\/percursoseideias.iscet.pt\/wp-content\/uploads\/2022\/03\/orcid-og-image.png\" alt=\"\"><\/a><\/td><td class=\"has-text-align-right\" data-align=\"right\"><a href=\"https:\/\/percursoseideias.iscet.pt\/articles\/pi2025n14003.pdf\" target=\"_blank\" rel=\"noreferrer noopener\"><img loading=\"lazy\" decoding=\"async\" width=\"45\" height=\"45\" class=\"wp-image-175\" style=\"width: 45px;\" src=\"https:\/\/percursoseideias.iscet.pt\/wp-content\/uploads\/2022\/03\/PDF_logo.jpeg\" alt=\"\" srcset=\"https:\/\/percursoseideias.iscet.pt\/wp-content\/uploads\/2022\/03\/PDF_logo.jpeg 612w, https:\/\/percursoseideias.iscet.pt\/wp-content\/uploads\/2022\/03\/PDF_logo-300x300.jpeg 300w, https:\/\/percursoseideias.iscet.pt\/wp-content\/uploads\/2022\/03\/PDF_logo-150x150.jpeg 150w, https:\/\/percursoseideias.iscet.pt\/wp-content\/uploads\/2022\/03\/PDF_logo-80x80.jpeg 80w, https:\/\/percursoseideias.iscet.pt\/wp-content\/uploads\/2022\/03\/PDF_logo-320x320.jpeg 320w\" sizes=\"auto, (max-width: 45px) 100vw, 45px\" \/><\/a><\/td><\/tr><tr><td class=\"has-text-align-left\" data-align=\"left\"><a href=\"https:\/\/percursoseideias.iscet.pt\/index.php\/volume-14-2025-004\/\" data-type=\"link\" data-id=\"https:\/\/percursoseideias.iscet.pt\/index.php\/volume-14-2025-004\/\">Est\u00e1gios Curriculares no Ensino Superior e a Liga\u00e7\u00e3o ao Mundo Empresarial: O Caso do ISCET <\/a><br>Jos\u00e9 Gradim <a href=\"https:\/\/orcid.org\/0009-0009-3863-3763\" target=\"_blank\" rel=\"noreferrer noopener\"><img decoding=\"async\" src=\"https:\/\/percursoseideias.iscet.pt\/wp-content\/uploads\/2022\/03\/orcid-og-image.png\" alt=\"\" style=\"width: 15px;\"><\/a><a href=\"https:\/\/orcid.org\/%200000-0003-1187-3934\" target=\"_blank\" rel=\"noreferrer noopener\"><\/a><\/td><td class=\"has-text-align-right\" data-align=\"right\"><a href=\"https:\/\/percursoseideias.iscet.pt\/articles\/pi2025n14004.pdf\" target=\"_blank\" rel=\"noreferrer noopener\"><img loading=\"lazy\" decoding=\"async\" width=\"45\" height=\"45\" class=\"wp-image-175\" style=\"width: 45px;\" src=\"https:\/\/percursoseideias.iscet.pt\/wp-content\/uploads\/2022\/03\/PDF_logo.jpeg\" alt=\"\" srcset=\"https:\/\/percursoseideias.iscet.pt\/wp-content\/uploads\/2022\/03\/PDF_logo.jpeg 612w, https:\/\/percursoseideias.iscet.pt\/wp-content\/uploads\/2022\/03\/PDF_logo-300x300.jpeg 300w, https:\/\/percursoseideias.iscet.pt\/wp-content\/uploads\/2022\/03\/PDF_logo-150x150.jpeg 150w, https:\/\/percursoseideias.iscet.pt\/wp-content\/uploads\/2022\/03\/PDF_logo-80x80.jpeg 80w, https:\/\/percursoseideias.iscet.pt\/wp-content\/uploads\/2022\/03\/PDF_logo-320x320.jpeg 320w\" sizes=\"auto, (max-width: 45px) 100vw, 45px\" \/><\/a><\/td><\/tr><tr><td class=\"has-text-align-left\" data-align=\"left\"><a href=\"https:\/\/percursoseideias.iscet.pt\/index.php\/volume-14-2025-005\/\" data-type=\"page\" data-id=\"3099\">O impacto da Intelig\u00eancia Artificial na Prospe\u00e7\u00e3o de Vendas <\/a><br>Liliana Moreira e Filipe Duarte <a href=\"https:\/\/orcid.org\/0000-0001-9381-8562\" target=\"_blank\" rel=\"noreferrer noopener\"><img decoding=\"async\" src=\"https:\/\/percursoseideias.iscet.pt\/wp-content\/uploads\/2022\/03\/orcid-og-image.png\" alt=\"\" style=\"width: 15px;\"><\/a><a href=\"https:\/\/orcid.org\/%200000-0003-1187-3934\" target=\"_blank\" rel=\"noreferrer noopener\"><\/a><\/td><td class=\"has-text-align-right\" data-align=\"right\"><a href=\"https:\/\/percursoseideias.iscet.pt\/articles\/pi2025n14005.pdf\" target=\"_blank\" rel=\"noreferrer noopener\"><img loading=\"lazy\" decoding=\"async\" width=\"45\" height=\"45\" class=\"wp-image-175\" style=\"width: 45px;\" src=\"https:\/\/percursoseideias.iscet.pt\/wp-content\/uploads\/2022\/03\/PDF_logo.jpeg\" alt=\"\" srcset=\"https:\/\/percursoseideias.iscet.pt\/wp-content\/uploads\/2022\/03\/PDF_logo.jpeg 612w, https:\/\/percursoseideias.iscet.pt\/wp-content\/uploads\/2022\/03\/PDF_logo-300x300.jpeg 300w, https:\/\/percursoseideias.iscet.pt\/wp-content\/uploads\/2022\/03\/PDF_logo-150x150.jpeg 150w, https:\/\/percursoseideias.iscet.pt\/wp-content\/uploads\/2022\/03\/PDF_logo-80x80.jpeg 80w, https:\/\/percursoseideias.iscet.pt\/wp-content\/uploads\/2022\/03\/PDF_logo-320x320.jpeg 320w\" sizes=\"auto, (max-width: 45px) 100vw, 45px\" \/><\/a><\/td><\/tr><tr><td class=\"has-text-align-left\" data-align=\"left\"><a href=\"https:\/\/percursoseideias.iscet.pt\/index.php\/volume-14-2025-006\/\" data-type=\"page\" data-id=\"3101\">O recurso \u00e0 intelig\u00eancia artificial nos contratos de ades\u00e3o e pr\u00e1ticas comerciais (publicidade e marketing) na sociedade de consumo p\u00f3s-moderna<\/a><br>Marcelino Abreu <a href=\"https:\/\/orcid.org\/0000-0003-4003-5710\" target=\"_blank\" rel=\"noreferrer noopener\"><img decoding=\"async\" style=\"width: 15px;\" src=\"https:\/\/percursoseideias.iscet.pt\/wp-content\/uploads\/2022\/03\/orcid-og-image.png\" alt=\"\"><\/a><\/td><td class=\"has-text-align-right\" data-align=\"right\"><a href=\"https:\/\/percursoseideias.iscet.pt\/articles\/pi2025n14006.pdf\" target=\"_blank\" rel=\"noreferrer noopener\"><img loading=\"lazy\" decoding=\"async\" width=\"45\" height=\"45\" class=\"wp-image-175\" style=\"width: 45px;\" src=\"https:\/\/percursoseideias.iscet.pt\/wp-content\/uploads\/2022\/03\/PDF_logo.jpeg\" alt=\"\" srcset=\"https:\/\/percursoseideias.iscet.pt\/wp-content\/uploads\/2022\/03\/PDF_logo.jpeg 612w, https:\/\/percursoseideias.iscet.pt\/wp-content\/uploads\/2022\/03\/PDF_logo-300x300.jpeg 300w, https:\/\/percursoseideias.iscet.pt\/wp-content\/uploads\/2022\/03\/PDF_logo-150x150.jpeg 150w, https:\/\/percursoseideias.iscet.pt\/wp-content\/uploads\/2022\/03\/PDF_logo-80x80.jpeg 80w, https:\/\/percursoseideias.iscet.pt\/wp-content\/uploads\/2022\/03\/PDF_logo-320x320.jpeg 320w\" sizes=\"auto, (max-width: 45px) 100vw, 45px\" \/><\/a><\/td><\/tr><tr><td class=\"has-text-align-left\" data-align=\"left\"><a href=\"https:\/\/percursoseideias.iscet.pt\/index.php\/volume-14-2025-007\/\" target=\"_blank\" rel=\"noreferrer noopener\">O Papel do Insight na Comunica\u00e7\u00e3o e Identifica\u00e7\u00e3o Pol\u00edtica <\/a><br>Martim Dur\u00e3o <a href=\"https:\/\/orcid.org\/0000-0002-2900-1264\" target=\"_blank\" rel=\"noreferrer noopener\"><img decoding=\"async\" style=\"width: 15px;\" src=\"https:\/\/percursoseideias.iscet.pt\/wp-content\/uploads\/2022\/03\/orcid-og-image.png\" alt=\"\"><\/a><\/td><td class=\"has-text-align-right\" data-align=\"right\"><a href=\"https:\/\/percursoseideias.iscet.pt\/articles\/pi2025n14007.pdf\" target=\"_blank\" rel=\"noreferrer noopener\"><img loading=\"lazy\" decoding=\"async\" width=\"45\" height=\"45\" class=\"wp-image-175\" style=\"width: 45px;\" src=\"https:\/\/percursoseideias.iscet.pt\/wp-content\/uploads\/2022\/03\/PDF_logo.jpeg\" alt=\"\" srcset=\"https:\/\/percursoseideias.iscet.pt\/wp-content\/uploads\/2022\/03\/PDF_logo.jpeg 612w, https:\/\/percursoseideias.iscet.pt\/wp-content\/uploads\/2022\/03\/PDF_logo-300x300.jpeg 300w, https:\/\/percursoseideias.iscet.pt\/wp-content\/uploads\/2022\/03\/PDF_logo-150x150.jpeg 150w, https:\/\/percursoseideias.iscet.pt\/wp-content\/uploads\/2022\/03\/PDF_logo-80x80.jpeg 80w, https:\/\/percursoseideias.iscet.pt\/wp-content\/uploads\/2022\/03\/PDF_logo-320x320.jpeg 320w\" sizes=\"auto, (max-width: 45px) 100vw, 45px\" \/><\/a><\/td><\/tr><\/tbody><\/table><\/figure>\n<\/div>\n<\/div>\n\n\n\n<p><\/p>\n\n\n\n<p><\/p>\n","protected":false},"excerpt":{"rendered":"<p>ArchiveComplete issueCurrent issue Table of contents EditorialAdalberto Dias de Carvalho O turismo como reencontro antropol\u00f3gico Adalberto Dias de Carvalho Os contratos de patroc\u00ednio (sponsoring) e de merchandising Eduardo Martins Inova\u00e7\u00e3o nos modelos de neg\u00f3cio&#46;&#46;&#46;<\/p>\n","protected":false},"author":6,"featured_media":3062,"parent":0,"menu_order":0,"comment_status":"closed","ping_status":"closed","template":"","meta":{"footnotes":""},"class_list":["post-58","page","type-page","status-publish","has-post-thumbnail","hentry"],"_links":{"self":[{"href":"https:\/\/percursoseideias.iscet.pt\/index.php\/wp-json\/wp\/v2\/pages\/58","targetHints":{"allow":["GET"]}}],"collection":[{"href":"https:\/\/percursoseideias.iscet.pt\/index.php\/wp-json\/wp\/v2\/pages"}],"about":[{"href":"https:\/\/percursoseideias.iscet.pt\/index.php\/wp-json\/wp\/v2\/types\/page"}],"author":[{"embeddable":true,"href":"https:\/\/percursoseideias.iscet.pt\/index.php\/wp-json\/wp\/v2\/users\/6"}],"replies":[{"embeddable":true,"href":"https:\/\/percursoseideias.iscet.pt\/index.php\/wp-json\/wp\/v2\/comments?post=58"}],"version-history":[{"count":87,"href":"https:\/\/percursoseideias.iscet.pt\/index.php\/wp-json\/wp\/v2\/pages\/58\/revisions"}],"predecessor-version":[{"id":3162,"href":"https:\/\/percursoseideias.iscet.pt\/index.php\/wp-json\/wp\/v2\/pages\/58\/revisions\/3162"}],"wp:featuredmedia":[{"embeddable":true,"href":"https:\/\/percursoseideias.iscet.pt\/index.php\/wp-json\/wp\/v2\/media\/3062"}],"wp:attachment":[{"href":"https:\/\/percursoseideias.iscet.pt\/index.php\/wp-json\/wp\/v2\/media?parent=58"}],"curies":[{"name":"wp","href":"https:\/\/api.w.org\/{rel}","templated":true}]}}