{"id":3019,"date":"2025-11-03T22:02:00","date_gmt":"2025-11-03T22:02:00","guid":{"rendered":"https:\/\/percursoseideias.iscet.pt\/?page_id=3019"},"modified":"2025-11-03T22:02:00","modified_gmt":"2025-11-03T22:02:00","slug":"volume-12-2022","status":"publish","type":"page","link":"https:\/\/percursoseideias.iscet.pt\/index.php\/volume-12-2022\/","title":{"rendered":"Volume 12 (2022)"},"content":{"rendered":"\n<div class=\"wp-block-columns is-layout-flex wp-container-core-columns-is-layout-9d6595d7 wp-block-columns-is-layout-flex\">\n<div class=\"wp-block-column is-layout-flow wp-block-column-is-layout-flow\" style=\"flex-basis:33.33%\">\n<figure class=\"wp-block-image size-large\"><img loading=\"lazy\" decoding=\"async\" width=\"724\" height=\"1024\" src=\"https:\/\/percursoseideias.iscet.pt\/wp-content\/uploads\/2022\/03\/Capa_12-724x1024.jpg\" alt=\"\" class=\"wp-image-2451\" srcset=\"https:\/\/percursoseideias.iscet.pt\/wp-content\/uploads\/2022\/03\/Capa_12-724x1024.jpg 724w, https:\/\/percursoseideias.iscet.pt\/wp-content\/uploads\/2022\/03\/Capa_12-212x300.jpg 212w, https:\/\/percursoseideias.iscet.pt\/wp-content\/uploads\/2022\/03\/Capa_12-768x1086.jpg 768w, https:\/\/percursoseideias.iscet.pt\/wp-content\/uploads\/2022\/03\/Capa_12-1086x1536.jpg 1086w, https:\/\/percursoseideias.iscet.pt\/wp-content\/uploads\/2022\/03\/Capa_12-1448x2048.jpg 1448w, https:\/\/percursoseideias.iscet.pt\/wp-content\/uploads\/2022\/03\/Capa_12-scaled.jpg 1811w\" sizes=\"auto, (max-width: 724px) 100vw, 724px\" \/><\/figure>\n\n\n\n<p class=\"has-text-align-center\" style=\"font-size:16px\"><a href=\"https:\/\/percursoseideias.iscet.pt\/index.php\/archive\/\">Archive<\/a><\/p>\n<\/div>\n\n\n\n<div class=\"wp-block-column is-layout-flow wp-block-column-is-layout-flow\" style=\"flex-basis:66.66%\">\n<p><strong>Table of contents<\/strong><\/p>\n\n\n\n<figure class=\"wp-block-table is-style-regular\" style=\"font-size:16px\"><table><tbody><tr><td class=\"has-text-align-left\" data-align=\"left\"><a href=\"https:\/\/percursoseideias.iscet.pt\/articles\/Editorial2022.pdf\" target=\"_blank\" rel=\"noreferrer noopener\">Editorial<\/a><br>Adalberto Dias de Carvalho <a rel=\"noreferrer noopener\" href=\"https:\/\/orcid.org\/0000-0001-5826-7582\" target=\"_blank\"><img loading=\"lazy\" decoding=\"async\" width=\"15\" height=\"15\" class=\"wp-image-174\" style=\"width: 15px;\" src=\"https:\/\/percursoseideias.iscet.pt\/wp-content\/uploads\/2022\/03\/orcid-og-image.png\" alt=\"\" srcset=\"https:\/\/percursoseideias.iscet.pt\/wp-content\/uploads\/2022\/03\/orcid-og-image.png 263w, https:\/\/percursoseideias.iscet.pt\/wp-content\/uploads\/2022\/03\/orcid-og-image-150x150.png 150w, https:\/\/percursoseideias.iscet.pt\/wp-content\/uploads\/2022\/03\/orcid-og-image-80x80.png 80w\" sizes=\"auto, (max-width: 15px) 100vw, 15px\" \/><\/a><\/td><td class=\"has-text-align-right\" data-align=\"right\"><a href=\"https:\/\/percursoseideias.iscet.pt\/articles\/Editorial2022.pdf\" target=\"_blank\" rel=\"noreferrer noopener\"><img loading=\"lazy\" decoding=\"async\" width=\"50\" height=\"50\" class=\"wp-image-175\" style=\"width: 50px;\" src=\"https:\/\/percursoseideias.iscet.pt\/wp-content\/uploads\/2022\/03\/PDF_logo.jpeg\" alt=\"\" srcset=\"https:\/\/percursoseideias.iscet.pt\/wp-content\/uploads\/2022\/03\/PDF_logo.jpeg 612w, https:\/\/percursoseideias.iscet.pt\/wp-content\/uploads\/2022\/03\/PDF_logo-300x300.jpeg 300w, https:\/\/percursoseideias.iscet.pt\/wp-content\/uploads\/2022\/03\/PDF_logo-150x150.jpeg 150w, https:\/\/percursoseideias.iscet.pt\/wp-content\/uploads\/2022\/03\/PDF_logo-80x80.jpeg 80w, https:\/\/percursoseideias.iscet.pt\/wp-content\/uploads\/2022\/03\/PDF_logo-320x320.jpeg 320w\" sizes=\"auto, (max-width: 50px) 100vw, 50px\" \/><\/a><\/td><\/tr><tr><td class=\"has-text-align-left\" data-align=\"left\"><a href=\"https:\/\/percursoseideias.iscet.pt\/index.php\/mp2022n120001\/\">Omnichannel Shopping Experience: An Exploratory Study on a Generation Z Sample<\/a><br>Sara Matos <a rel=\"noreferrer noopener\" href=\"https:\/\/orcid.org\/0000-0002-9939-7559\" target=\"_blank\"><img loading=\"lazy\" decoding=\"async\" width=\"15\" height=\"15\" class=\"wp-image-174\" style=\"width: 15px;\" src=\"https:\/\/percursoseideias.iscet.pt\/wp-content\/uploads\/2022\/03\/orcid-og-image.png\" alt=\"\" srcset=\"https:\/\/percursoseideias.iscet.pt\/wp-content\/uploads\/2022\/03\/orcid-og-image.png 263w, https:\/\/percursoseideias.iscet.pt\/wp-content\/uploads\/2022\/03\/orcid-og-image-150x150.png 150w, https:\/\/percursoseideias.iscet.pt\/wp-content\/uploads\/2022\/03\/orcid-og-image-80x80.png 80w\" sizes=\"auto, (max-width: 15px) 100vw, 15px\" \/><\/a>, Martim Dur\u00e3o <a rel=\"noreferrer noopener\" href=\"https:\/\/orcid.org\/0000-0002-2900-1264\" target=\"_blank\"><img loading=\"lazy\" decoding=\"async\" width=\"15\" height=\"15\" class=\"wp-image-174\" style=\"width: 15px;\" src=\"https:\/\/percursoseideias.iscet.pt\/wp-content\/uploads\/2022\/03\/orcid-og-image.png\" alt=\"\" srcset=\"https:\/\/percursoseideias.iscet.pt\/wp-content\/uploads\/2022\/03\/orcid-og-image.png 263w, https:\/\/percursoseideias.iscet.pt\/wp-content\/uploads\/2022\/03\/orcid-og-image-150x150.png 150w, https:\/\/percursoseideias.iscet.pt\/wp-content\/uploads\/2022\/03\/orcid-og-image-80x80.png 80w\" sizes=\"auto, (max-width: 15px) 100vw, 15px\" \/><\/a> and Jos\u00e9 Magano <a rel=\"noreferrer noopener\" href=\"https:\/\/orcid.org\/0000-0003-2835-3169\" target=\"_blank\"><img loading=\"lazy\" decoding=\"async\" width=\"15\" height=\"15\" class=\"wp-image-174\" style=\"width: 15px;\" src=\"https:\/\/percursoseideias.iscet.pt\/wp-content\/uploads\/2022\/03\/orcid-og-image.png\" alt=\"\" srcset=\"https:\/\/percursoseideias.iscet.pt\/wp-content\/uploads\/2022\/03\/orcid-og-image.png 263w, https:\/\/percursoseideias.iscet.pt\/wp-content\/uploads\/2022\/03\/orcid-og-image-150x150.png 150w, https:\/\/percursoseideias.iscet.pt\/wp-content\/uploads\/2022\/03\/orcid-og-image-80x80.png 80w\" sizes=\"auto, (max-width: 15px) 100vw, 15px\" \/><\/a><\/td><td class=\"has-text-align-right\" data-align=\"right\"><a href=\"https:\/\/percursoseideias.iscet.pt\/articles\/mp2022n120001.pdf\" target=\"_blank\" rel=\"noreferrer noopener\"><img loading=\"lazy\" decoding=\"async\" width=\"50\" height=\"50\" class=\"wp-image-175\" style=\"width: 50px;\" src=\"https:\/\/percursoseideias.iscet.pt\/wp-content\/uploads\/2022\/03\/PDF_logo.jpeg\" alt=\"\" srcset=\"https:\/\/percursoseideias.iscet.pt\/wp-content\/uploads\/2022\/03\/PDF_logo.jpeg 612w, https:\/\/percursoseideias.iscet.pt\/wp-content\/uploads\/2022\/03\/PDF_logo-300x300.jpeg 300w, https:\/\/percursoseideias.iscet.pt\/wp-content\/uploads\/2022\/03\/PDF_logo-150x150.jpeg 150w, https:\/\/percursoseideias.iscet.pt\/wp-content\/uploads\/2022\/03\/PDF_logo-80x80.jpeg 80w, https:\/\/percursoseideias.iscet.pt\/wp-content\/uploads\/2022\/03\/PDF_logo-320x320.jpeg 320w\" sizes=\"auto, (max-width: 50px) 100vw, 50px\" \/><\/a><\/td><\/tr><tr><td class=\"has-text-align-left\" data-align=\"left\"><a href=\"https:\/\/percursoseideias.iscet.pt\/index.php\/sol2022n120002\/\">Telemedicina versus Prote\u00e7\u00e3o de Dados Pessoais. Os Dados de Sa\u00fade como Dados Pessoais<\/a><br>Ana Paula Cabral<\/td><td class=\"has-text-align-right\" data-align=\"right\"><a href=\"https:\/\/percursoseideias.iscet.pt\/articles\/sol2022n120002.pdf\" target=\"_blank\" rel=\"noreferrer noopener\"><img loading=\"lazy\" decoding=\"async\" width=\"50\" height=\"50\" class=\"wp-image-175\" style=\"width: 50px;\" src=\"https:\/\/percursoseideias.iscet.pt\/wp-content\/uploads\/2022\/03\/PDF_logo.jpeg\" alt=\"\" srcset=\"https:\/\/percursoseideias.iscet.pt\/wp-content\/uploads\/2022\/03\/PDF_logo.jpeg 612w, https:\/\/percursoseideias.iscet.pt\/wp-content\/uploads\/2022\/03\/PDF_logo-300x300.jpeg 300w, https:\/\/percursoseideias.iscet.pt\/wp-content\/uploads\/2022\/03\/PDF_logo-150x150.jpeg 150w, https:\/\/percursoseideias.iscet.pt\/wp-content\/uploads\/2022\/03\/PDF_logo-80x80.jpeg 80w, https:\/\/percursoseideias.iscet.pt\/wp-content\/uploads\/2022\/03\/PDF_logo-320x320.jpeg 320w\" sizes=\"auto, (max-width: 50px) 100vw, 50px\" \/><\/a><\/td><\/tr><tr><td class=\"has-text-align-left\" data-align=\"left\"><a href=\"https:\/\/percursoseideias.iscet.pt\/index.php\/mp2022n120003\/\">Marketing 5.0: A Publicidade e as Narrativas que Conectam<\/a><br>Daniel Ladeira de Ara\u00fajo <a rel=\"noreferrer noopener\" href=\"https:\/\/orcid.org\/0000-0002-9175-251X\" target=\"_blank\"><img loading=\"lazy\" decoding=\"async\" width=\"15\" height=\"15\" class=\"wp-image-174\" style=\"width: 15px;\" src=\"https:\/\/percursoseideias.iscet.pt\/wp-content\/uploads\/2022\/03\/orcid-og-image.png\" alt=\"\" srcset=\"https:\/\/percursoseideias.iscet.pt\/wp-content\/uploads\/2022\/03\/orcid-og-image.png 263w, https:\/\/percursoseideias.iscet.pt\/wp-content\/uploads\/2022\/03\/orcid-og-image-150x150.png 150w, https:\/\/percursoseideias.iscet.pt\/wp-content\/uploads\/2022\/03\/orcid-og-image-80x80.png 80w\" sizes=\"auto, (max-width: 15px) 100vw, 15px\" \/><\/a><\/td><td class=\"has-text-align-right\" data-align=\"right\"><a href=\"https:\/\/percursoseideias.iscet.pt\/articles\/mp2022n120003.pdf\" target=\"_blank\" rel=\"noreferrer noopener\"><img loading=\"lazy\" decoding=\"async\" width=\"50\" height=\"50\" class=\"wp-image-175\" style=\"width: 50px;\" src=\"https:\/\/percursoseideias.iscet.pt\/wp-content\/uploads\/2022\/03\/PDF_logo.jpeg\" alt=\"\" srcset=\"https:\/\/percursoseideias.iscet.pt\/wp-content\/uploads\/2022\/03\/PDF_logo.jpeg 612w, https:\/\/percursoseideias.iscet.pt\/wp-content\/uploads\/2022\/03\/PDF_logo-300x300.jpeg 300w, https:\/\/percursoseideias.iscet.pt\/wp-content\/uploads\/2022\/03\/PDF_logo-150x150.jpeg 150w, https:\/\/percursoseideias.iscet.pt\/wp-content\/uploads\/2022\/03\/PDF_logo-80x80.jpeg 80w, https:\/\/percursoseideias.iscet.pt\/wp-content\/uploads\/2022\/03\/PDF_logo-320x320.jpeg 320w\" sizes=\"auto, (max-width: 50px) 100vw, 50px\" \/><\/a><\/td><\/tr><tr><td class=\"has-text-align-left\" data-align=\"left\"><a href=\"https:\/\/percursoseideias.iscet.pt\/index.php\/ci2022n120004\/\">O Com\u00e9rcio Eletr\u00f3nico na Uni\u00e3o Europeia e o Novo Regime do IVA<\/a><br>Eduardo Martins<\/td><td class=\"has-text-align-right\" data-align=\"right\"><a href=\"https:\/\/percursoseideias.iscet.pt\/articles\/ci2022n120004.pdf\" target=\"_blank\" rel=\"noreferrer noopener\"><img loading=\"lazy\" decoding=\"async\" width=\"50\" height=\"50\" class=\"wp-image-175\" style=\"width: 50px;\" src=\"https:\/\/percursoseideias.iscet.pt\/wp-content\/uploads\/2022\/03\/PDF_logo.jpeg\" alt=\"\" srcset=\"https:\/\/percursoseideias.iscet.pt\/wp-content\/uploads\/2022\/03\/PDF_logo.jpeg 612w, https:\/\/percursoseideias.iscet.pt\/wp-content\/uploads\/2022\/03\/PDF_logo-300x300.jpeg 300w, https:\/\/percursoseideias.iscet.pt\/wp-content\/uploads\/2022\/03\/PDF_logo-150x150.jpeg 150w, https:\/\/percursoseideias.iscet.pt\/wp-content\/uploads\/2022\/03\/PDF_logo-80x80.jpeg 80w, https:\/\/percursoseideias.iscet.pt\/wp-content\/uploads\/2022\/03\/PDF_logo-320x320.jpeg 320w\" sizes=\"auto, (max-width: 50px) 100vw, 50px\" \/><\/a><\/td><\/tr><tr><td class=\"has-text-align-left\" data-align=\"left\"><a href=\"https:\/\/percursoseideias.iscet.pt\/index.php\/mp2022n120005\/\">A Import\u00e2ncia das Eventos Culturais numa Estrat\u00e9gia de Marketing Territorial: O Caso do &#8220;Mosteiro de Emo\u00e7\u00f5es&#8221;<\/a><br>Jo\u00e3o Abreu and Lu\u00eds Ferreira <a rel=\"noreferrer noopener\" href=\"https:\/\/orcid.org\/0000-0002-4880-5591\" target=\"_blank\"><img loading=\"lazy\" decoding=\"async\" width=\"15\" height=\"15\" class=\"wp-image-174\" style=\"width: 15px;\" src=\"https:\/\/percursoseideias.iscet.pt\/wp-content\/uploads\/2022\/03\/orcid-og-image.png\" alt=\"\" srcset=\"https:\/\/percursoseideias.iscet.pt\/wp-content\/uploads\/2022\/03\/orcid-og-image.png 263w, https:\/\/percursoseideias.iscet.pt\/wp-content\/uploads\/2022\/03\/orcid-og-image-150x150.png 150w, https:\/\/percursoseideias.iscet.pt\/wp-content\/uploads\/2022\/03\/orcid-og-image-80x80.png 80w\" sizes=\"auto, (max-width: 15px) 100vw, 15px\" \/><\/a><\/td><td class=\"has-text-align-right\" data-align=\"right\"><a href=\"https:\/\/percursoseideias.iscet.pt\/articles\/mp2022n120005.pdf\" target=\"_blank\" rel=\"noreferrer noopener\"><img loading=\"lazy\" decoding=\"async\" width=\"50\" height=\"50\" class=\"wp-image-175\" style=\"width: 50px;\" src=\"https:\/\/percursoseideias.iscet.pt\/wp-content\/uploads\/2022\/03\/PDF_logo.jpeg\" alt=\"\" srcset=\"https:\/\/percursoseideias.iscet.pt\/wp-content\/uploads\/2022\/03\/PDF_logo.jpeg 612w, https:\/\/percursoseideias.iscet.pt\/wp-content\/uploads\/2022\/03\/PDF_logo-300x300.jpeg 300w, https:\/\/percursoseideias.iscet.pt\/wp-content\/uploads\/2022\/03\/PDF_logo-150x150.jpeg 150w, https:\/\/percursoseideias.iscet.pt\/wp-content\/uploads\/2022\/03\/PDF_logo-80x80.jpeg 80w, https:\/\/percursoseideias.iscet.pt\/wp-content\/uploads\/2022\/03\/PDF_logo-320x320.jpeg 320w\" sizes=\"auto, (max-width: 50px) 100vw, 50px\" \/><\/a><\/td><\/tr><tr><td class=\"has-text-align-left\" data-align=\"left\"><a href=\"https:\/\/percursoseideias.iscet.pt\/index.php\/tur2022n120006\/\">Banhos na Floresta<\/a><br>Jos\u00e9 Henrique Mour\u00e3o and Henrique Ferraz<\/td><td class=\"has-text-align-right\" data-align=\"right\"><a href=\"https:\/\/percursoseideias.iscet.pt\/articles\/tur2022n120006.pdf\" target=\"_blank\" rel=\"noreferrer noopener\"><img loading=\"lazy\" decoding=\"async\" width=\"50\" height=\"50\" class=\"wp-image-175\" style=\"width: 50px;\" src=\"https:\/\/percursoseideias.iscet.pt\/wp-content\/uploads\/2022\/03\/PDF_logo.jpeg\" alt=\"\" srcset=\"https:\/\/percursoseideias.iscet.pt\/wp-content\/uploads\/2022\/03\/PDF_logo.jpeg 612w, https:\/\/percursoseideias.iscet.pt\/wp-content\/uploads\/2022\/03\/PDF_logo-300x300.jpeg 300w, https:\/\/percursoseideias.iscet.pt\/wp-content\/uploads\/2022\/03\/PDF_logo-150x150.jpeg 150w, https:\/\/percursoseideias.iscet.pt\/wp-content\/uploads\/2022\/03\/PDF_logo-80x80.jpeg 80w, https:\/\/percursoseideias.iscet.pt\/wp-content\/uploads\/2022\/03\/PDF_logo-320x320.jpeg 320w\" sizes=\"auto, (max-width: 50px) 100vw, 50px\" \/><\/a><\/td><\/tr><tr><td class=\"has-text-align-left\" data-align=\"left\"><a href=\"https:\/\/percursoseideias.iscet.pt\/index.php\/tur2022n120007\/\">Patrim\u00f3nios Alimentares e Sociabilidade: O Banquete como Met\u00e1fora de Poder e Ostenta\u00e7\u00e3o<\/a><br>Josefina Salvado <a rel=\"noreferrer noopener\" href=\"https:\/\/orcid.org\/0000-0003-0351-4544\" target=\"_blank\"><img loading=\"lazy\" decoding=\"async\" width=\"15\" height=\"15\" class=\"wp-image-174\" style=\"width: 15px;\" src=\"https:\/\/percursoseideias.iscet.pt\/wp-content\/uploads\/2022\/03\/orcid-og-image.png\" alt=\"\" srcset=\"https:\/\/percursoseideias.iscet.pt\/wp-content\/uploads\/2022\/03\/orcid-og-image.png 263w, https:\/\/percursoseideias.iscet.pt\/wp-content\/uploads\/2022\/03\/orcid-og-image-150x150.png 150w, https:\/\/percursoseideias.iscet.pt\/wp-content\/uploads\/2022\/03\/orcid-og-image-80x80.png 80w\" sizes=\"auto, (max-width: 15px) 100vw, 15px\" \/><\/a><\/td><td class=\"has-text-align-right\" data-align=\"right\"><a href=\"https:\/\/percursoseideias.iscet.pt\/articles\/tur2022n120007.pdf\" target=\"_blank\" rel=\"noreferrer noopener\"><img loading=\"lazy\" decoding=\"async\" width=\"50\" height=\"50\" class=\"wp-image-175\" style=\"width: 50px;\" src=\"https:\/\/percursoseideias.iscet.pt\/wp-content\/uploads\/2022\/03\/PDF_logo.jpeg\" alt=\"\" srcset=\"https:\/\/percursoseideias.iscet.pt\/wp-content\/uploads\/2022\/03\/PDF_logo.jpeg 612w, https:\/\/percursoseideias.iscet.pt\/wp-content\/uploads\/2022\/03\/PDF_logo-300x300.jpeg 300w, https:\/\/percursoseideias.iscet.pt\/wp-content\/uploads\/2022\/03\/PDF_logo-150x150.jpeg 150w, https:\/\/percursoseideias.iscet.pt\/wp-content\/uploads\/2022\/03\/PDF_logo-80x80.jpeg 80w, https:\/\/percursoseideias.iscet.pt\/wp-content\/uploads\/2022\/03\/PDF_logo-320x320.jpeg 320w\" sizes=\"auto, (max-width: 50px) 100vw, 50px\" \/><\/a><\/td><\/tr><tr><td class=\"has-text-align-left\" data-align=\"left\"><a href=\"https:\/\/percursoseideias.iscet.pt\/index.php\/ci2022n120008\/\">O Fasc\u00ednio pelo Oriente: A Pol\u00edtica Externa de Portugal face \u00e0 Turquia<\/a><br>Jos\u00e9 Pedro Teixeira Fernandes <a rel=\"noreferrer noopener\" href=\"https:\/\/orcid.org\/0000-0002-5633-4443\" target=\"_blank\"><img loading=\"lazy\" decoding=\"async\" width=\"15\" height=\"15\" class=\"wp-image-174\" style=\"width: 15px;\" src=\"https:\/\/percursoseideias.iscet.pt\/wp-content\/uploads\/2022\/03\/orcid-og-image.png\" alt=\"\" srcset=\"https:\/\/percursoseideias.iscet.pt\/wp-content\/uploads\/2022\/03\/orcid-og-image.png 263w, https:\/\/percursoseideias.iscet.pt\/wp-content\/uploads\/2022\/03\/orcid-og-image-150x150.png 150w, https:\/\/percursoseideias.iscet.pt\/wp-content\/uploads\/2022\/03\/orcid-og-image-80x80.png 80w\" sizes=\"auto, (max-width: 15px) 100vw, 15px\" \/><\/a><\/td><td class=\"has-text-align-right\" data-align=\"right\"><a href=\"https:\/\/percursoseideias.iscet.pt\/articles\/ci2022n120008.pdf\" target=\"_blank\" rel=\"noreferrer noopener\"><img loading=\"lazy\" decoding=\"async\" width=\"50\" height=\"50\" class=\"wp-image-175\" style=\"width: 50px;\" src=\"https:\/\/percursoseideias.iscet.pt\/wp-content\/uploads\/2022\/03\/PDF_logo.jpeg\" alt=\"\" srcset=\"https:\/\/percursoseideias.iscet.pt\/wp-content\/uploads\/2022\/03\/PDF_logo.jpeg 612w, https:\/\/percursoseideias.iscet.pt\/wp-content\/uploads\/2022\/03\/PDF_logo-300x300.jpeg 300w, https:\/\/percursoseideias.iscet.pt\/wp-content\/uploads\/2022\/03\/PDF_logo-150x150.jpeg 150w, https:\/\/percursoseideias.iscet.pt\/wp-content\/uploads\/2022\/03\/PDF_logo-80x80.jpeg 80w, https:\/\/percursoseideias.iscet.pt\/wp-content\/uploads\/2022\/03\/PDF_logo-320x320.jpeg 320w\" sizes=\"auto, (max-width: 50px) 100vw, 50px\" \/><\/a><\/td><\/tr><tr><td class=\"has-text-align-left\" data-align=\"left\"><a href=\"https:\/\/percursoseideias.iscet.pt\/index.php\/tur2022n120009\/\">Rota Tur\u00edstica do Jogo do Pau em Cabeceiras de Basto: Breve Introdu\u00e7\u00e3o \u00e0 Representa\u00e7\u00e3o Social desta Maestria na Literatura Portuguesa<\/a><br>L\u00eddia Aguiar <a rel=\"noreferrer noopener\" href=\"https:\/\/orcid.org\/0000-0003-1815-8546\" target=\"_blank\"><img loading=\"lazy\" decoding=\"async\" width=\"15\" height=\"15\" class=\"wp-image-174\" style=\"width: 15px;\" src=\"https:\/\/percursoseideias.iscet.pt\/wp-content\/uploads\/2022\/03\/orcid-og-image.png\" alt=\"\" srcset=\"https:\/\/percursoseideias.iscet.pt\/wp-content\/uploads\/2022\/03\/orcid-og-image.png 263w, https:\/\/percursoseideias.iscet.pt\/wp-content\/uploads\/2022\/03\/orcid-og-image-150x150.png 150w, https:\/\/percursoseideias.iscet.pt\/wp-content\/uploads\/2022\/03\/orcid-og-image-80x80.png 80w\" sizes=\"auto, (max-width: 15px) 100vw, 15px\" \/><\/a> and Rita Ribeiro<\/td><td class=\"has-text-align-right\" data-align=\"right\"><a href=\"https:\/\/percursoseideias.iscet.pt\/articles\/tur2022n120009.pdf\" target=\"_blank\" rel=\"noreferrer noopener\"><img loading=\"lazy\" decoding=\"async\" width=\"50\" height=\"50\" class=\"wp-image-175\" style=\"width: 50px;\" src=\"https:\/\/percursoseideias.iscet.pt\/wp-content\/uploads\/2022\/03\/PDF_logo.jpeg\" alt=\"\" srcset=\"https:\/\/percursoseideias.iscet.pt\/wp-content\/uploads\/2022\/03\/PDF_logo.jpeg 612w, https:\/\/percursoseideias.iscet.pt\/wp-content\/uploads\/2022\/03\/PDF_logo-300x300.jpeg 300w, https:\/\/percursoseideias.iscet.pt\/wp-content\/uploads\/2022\/03\/PDF_logo-150x150.jpeg 150w, https:\/\/percursoseideias.iscet.pt\/wp-content\/uploads\/2022\/03\/PDF_logo-80x80.jpeg 80w, https:\/\/percursoseideias.iscet.pt\/wp-content\/uploads\/2022\/03\/PDF_logo-320x320.jpeg 320w\" sizes=\"auto, (max-width: 50px) 100vw, 50px\" \/><\/a><\/td><\/tr><tr><td class=\"has-text-align-left\" data-align=\"left\"><a href=\"https:\/\/percursoseideias.iscet.pt\/index.php\/sol2022n120010\/\">A Publicidade e a Prote\u00e7\u00e3o de Dados Pessoais &#8211; O RGPD<\/a><br>Lu\u00edsa Lopes Sousa<\/td><td class=\"has-text-align-right\" data-align=\"right\"><a href=\"https:\/\/percursoseideias.iscet.pt\/articles\/sol2022n120010.pdf\" target=\"_blank\" rel=\"noreferrer noopener\"><img loading=\"lazy\" decoding=\"async\" width=\"50\" height=\"50\" class=\"wp-image-175\" style=\"width: 50px;\" src=\"https:\/\/percursoseideias.iscet.pt\/wp-content\/uploads\/2022\/03\/PDF_logo.jpeg\" alt=\"\" srcset=\"https:\/\/percursoseideias.iscet.pt\/wp-content\/uploads\/2022\/03\/PDF_logo.jpeg 612w, https:\/\/percursoseideias.iscet.pt\/wp-content\/uploads\/2022\/03\/PDF_logo-300x300.jpeg 300w, https:\/\/percursoseideias.iscet.pt\/wp-content\/uploads\/2022\/03\/PDF_logo-150x150.jpeg 150w, https:\/\/percursoseideias.iscet.pt\/wp-content\/uploads\/2022\/03\/PDF_logo-80x80.jpeg 80w, https:\/\/percursoseideias.iscet.pt\/wp-content\/uploads\/2022\/03\/PDF_logo-320x320.jpeg 320w\" sizes=\"auto, (max-width: 50px) 100vw, 50px\" \/><\/a><\/td><\/tr><tr><td class=\"has-text-align-left\" data-align=\"left\"><a href=\"https:\/\/percursoseideias.iscet.pt\/index.php\/mp2022n120011\/\">Sustainable Marketing Orientation in the Clothing Industry: Slow or Fast Fashion?<\/a><br>Joana Sofia Guedes Silva <a rel=\"noreferrer noopener\" href=\"https:\/\/orcid.org\/0000-0002-5379-775X\" target=\"_blank\"><img loading=\"lazy\" decoding=\"async\" width=\"15\" height=\"15\" class=\"wp-image-174\" style=\"width: 15px;\" src=\"https:\/\/percursoseideias.iscet.pt\/wp-content\/uploads\/2022\/03\/orcid-og-image.png\" alt=\"\" srcset=\"https:\/\/percursoseideias.iscet.pt\/wp-content\/uploads\/2022\/03\/orcid-og-image.png 263w, https:\/\/percursoseideias.iscet.pt\/wp-content\/uploads\/2022\/03\/orcid-og-image-150x150.png 150w, https:\/\/percursoseideias.iscet.pt\/wp-content\/uploads\/2022\/03\/orcid-og-image-80x80.png 80w\" sizes=\"auto, (max-width: 15px) 100vw, 15px\" \/><\/a>, Jana Tur\u010d\u00ednkov\u00e1 <a rel=\"noreferrer noopener\" href=\"https:\/\/orcid.org\/0000-0001-9574-9337\" target=\"_blank\"><img loading=\"lazy\" decoding=\"async\" width=\"15\" height=\"15\" class=\"wp-image-174\" style=\"width: 15px;\" src=\"https:\/\/percursoseideias.iscet.pt\/wp-content\/uploads\/2022\/03\/orcid-og-image.png\" alt=\"\" srcset=\"https:\/\/percursoseideias.iscet.pt\/wp-content\/uploads\/2022\/03\/orcid-og-image.png 263w, https:\/\/percursoseideias.iscet.pt\/wp-content\/uploads\/2022\/03\/orcid-og-image-150x150.png 150w, https:\/\/percursoseideias.iscet.pt\/wp-content\/uploads\/2022\/03\/orcid-og-image-80x80.png 80w\" sizes=\"auto, (max-width: 15px) 100vw, 15px\" \/><\/a> and Jos\u00e9 Magano <a rel=\"noreferrer noopener\" href=\"https:\/\/orcid.org\/0000-0003-2835-3169\" target=\"_blank\"><img loading=\"lazy\" decoding=\"async\" width=\"15\" height=\"15\" class=\"wp-image-174\" style=\"width: 15px;\" src=\"https:\/\/percursoseideias.iscet.pt\/wp-content\/uploads\/2022\/03\/orcid-og-image.png\" alt=\"\" srcset=\"https:\/\/percursoseideias.iscet.pt\/wp-content\/uploads\/2022\/03\/orcid-og-image.png 263w, https:\/\/percursoseideias.iscet.pt\/wp-content\/uploads\/2022\/03\/orcid-og-image-150x150.png 150w, https:\/\/percursoseideias.iscet.pt\/wp-content\/uploads\/2022\/03\/orcid-og-image-80x80.png 80w\" sizes=\"auto, (max-width: 15px) 100vw, 15px\" \/><\/a><\/td><td class=\"has-text-align-right\" data-align=\"right\"><a href=\"https:\/\/percursoseideias.iscet.pt\/articles\/mp2022n120011.pdf\" target=\"_blank\" rel=\"noreferrer noopener\"><img loading=\"lazy\" decoding=\"async\" width=\"50\" height=\"50\" class=\"wp-image-175\" style=\"width: 50px;\" src=\"https:\/\/percursoseideias.iscet.pt\/wp-content\/uploads\/2022\/03\/PDF_logo.jpeg\" alt=\"\" srcset=\"https:\/\/percursoseideias.iscet.pt\/wp-content\/uploads\/2022\/03\/PDF_logo.jpeg 612w, https:\/\/percursoseideias.iscet.pt\/wp-content\/uploads\/2022\/03\/PDF_logo-300x300.jpeg 300w, https:\/\/percursoseideias.iscet.pt\/wp-content\/uploads\/2022\/03\/PDF_logo-150x150.jpeg 150w, https:\/\/percursoseideias.iscet.pt\/wp-content\/uploads\/2022\/03\/PDF_logo-80x80.jpeg 80w, https:\/\/percursoseideias.iscet.pt\/wp-content\/uploads\/2022\/03\/PDF_logo-320x320.jpeg 320w\" sizes=\"auto, (max-width: 50px) 100vw, 50px\" \/><\/a><\/td><\/tr><tr><td class=\"has-text-align-left\" data-align=\"left\"><a href=\"https:\/\/percursoseideias.iscet.pt\/index.php\/sol2022n120012\/\">Transforma\u00e7\u00e3o Digital e Prote\u00e7\u00e3o de Dados: Consentimento Informado<\/a><br>Melanie Oliveira Neiva Santos <a href=\"https:\/\/orcid.org\/0000-0001-7000-200X\" target=\"_blank\" rel=\"noreferrer noopener\"><img loading=\"lazy\" decoding=\"async\" width=\"15\" height=\"15\" class=\"wp-image-174\" style=\"width: 15px;\" src=\"https:\/\/percursoseideias.iscet.pt\/wp-content\/uploads\/2022\/03\/orcid-og-image.png\" alt=\"\" srcset=\"https:\/\/percursoseideias.iscet.pt\/wp-content\/uploads\/2022\/03\/orcid-og-image.png 263w, https:\/\/percursoseideias.iscet.pt\/wp-content\/uploads\/2022\/03\/orcid-og-image-150x150.png 150w, https:\/\/percursoseideias.iscet.pt\/wp-content\/uploads\/2022\/03\/orcid-og-image-80x80.png 80w\" sizes=\"auto, (max-width: 15px) 100vw, 15px\" \/><\/a><\/td><td class=\"has-text-align-right\" data-align=\"right\"><a href=\"https:\/\/percursoseideias.iscet.pt\/articles\/sol2022n120012.pdf\" target=\"_blank\" rel=\"noreferrer noopener\"><img loading=\"lazy\" decoding=\"async\" width=\"50\" height=\"50\" class=\"wp-image-175\" style=\"width: 50px;\" src=\"https:\/\/percursoseideias.iscet.pt\/wp-content\/uploads\/2022\/03\/PDF_logo.jpeg\" alt=\"\" srcset=\"https:\/\/percursoseideias.iscet.pt\/wp-content\/uploads\/2022\/03\/PDF_logo.jpeg 612w, https:\/\/percursoseideias.iscet.pt\/wp-content\/uploads\/2022\/03\/PDF_logo-300x300.jpeg 300w, https:\/\/percursoseideias.iscet.pt\/wp-content\/uploads\/2022\/03\/PDF_logo-150x150.jpeg 150w, https:\/\/percursoseideias.iscet.pt\/wp-content\/uploads\/2022\/03\/PDF_logo-80x80.jpeg 80w, https:\/\/percursoseideias.iscet.pt\/wp-content\/uploads\/2022\/03\/PDF_logo-320x320.jpeg 320w\" sizes=\"auto, (max-width: 50px) 100vw, 50px\" \/><\/a><\/td><\/tr><\/tbody><\/table><\/figure>\n\n\n\n<p><\/p>\n<\/div>\n<\/div>\n","protected":false},"excerpt":{"rendered":"<p>Archive Table of contents EditorialAdalberto Dias de Carvalho Omnichannel Shopping Experience: An Exploratory Study on a Generation Z SampleSara Matos , Martim Dur\u00e3o and Jos\u00e9 Magano Telemedicina versus Prote\u00e7\u00e3o de Dados Pessoais. Os Dados&#46;&#46;&#46;<\/p>\n","protected":false},"author":3,"featured_media":0,"parent":0,"menu_order":0,"comment_status":"closed","ping_status":"closed","template":"","meta":{"footnotes":""},"class_list":["post-3019","page","type-page","status-publish","hentry"],"_links":{"self":[{"href":"https:\/\/percursoseideias.iscet.pt\/index.php\/wp-json\/wp\/v2\/pages\/3019","targetHints":{"allow":["GET"]}}],"collection":[{"href":"https:\/\/percursoseideias.iscet.pt\/index.php\/wp-json\/wp\/v2\/pages"}],"about":[{"href":"https:\/\/percursoseideias.iscet.pt\/index.php\/wp-json\/wp\/v2\/types\/page"}],"author":[{"embeddable":true,"href":"https:\/\/percursoseideias.iscet.pt\/index.php\/wp-json\/wp\/v2\/users\/3"}],"replies":[{"embeddable":true,"href":"https:\/\/percursoseideias.iscet.pt\/index.php\/wp-json\/wp\/v2\/comments?post=3019"}],"version-history":[{"count":1,"href":"https:\/\/percursoseideias.iscet.pt\/index.php\/wp-json\/wp\/v2\/pages\/3019\/revisions"}],"predecessor-version":[{"id":3020,"href":"https:\/\/percursoseideias.iscet.pt\/index.php\/wp-json\/wp\/v2\/pages\/3019\/revisions\/3020"}],"wp:attachment":[{"href":"https:\/\/percursoseideias.iscet.pt\/index.php\/wp-json\/wp\/v2\/media?parent=3019"}],"curies":[{"name":"wp","href":"https:\/\/api.w.org\/{rel}","templated":true}]}}