{"id":114,"date":"2022-03-01T19:25:58","date_gmt":"2022-03-01T19:25:58","guid":{"rendered":"http:\/\/percursoseideias.iscet.pt\/?page_id=114"},"modified":"2022-10-19T19:47:49","modified_gmt":"2022-10-19T19:47:49","slug":"volume-11-2021","status":"publish","type":"page","link":"https:\/\/percursoseideias.iscet.pt\/index.php\/volume-11-2021\/","title":{"rendered":"Volume 11 (2021)"},"content":{"rendered":"\n<p><\/p>\n\n\n\n<div class=\"wp-block-columns is-layout-flex wp-container-core-columns-is-layout-9d6595d7 wp-block-columns-is-layout-flex\">\n<div class=\"wp-block-column is-layout-flow wp-block-column-is-layout-flow\" style=\"flex-basis:33.33%\">\n<figure class=\"wp-block-image size-full\"><img loading=\"lazy\" decoding=\"async\" width=\"654\" height=\"928\" src=\"https:\/\/percursoseideias.iscet.pt\/wp-content\/uploads\/2022\/03\/PI_11.jpeg\" alt=\"\" class=\"wp-image-182\" srcset=\"https:\/\/percursoseideias.iscet.pt\/wp-content\/uploads\/2022\/03\/PI_11.jpeg 654w, https:\/\/percursoseideias.iscet.pt\/wp-content\/uploads\/2022\/03\/PI_11-211x300.jpeg 211w\" sizes=\"auto, (max-width: 654px) 100vw, 654px\" \/><\/figure>\n\n\n\n<p class=\"has-text-align-center\" style=\"font-size:16px\"><a href=\"https:\/\/percursoseideias.iscet.pt\/index.php\/volume-1-2009\/\"><img loading=\"lazy\" decoding=\"async\" width=\"16\" height=\"13\" class=\"wp-image-373\" style=\"width: 16px;\" src=\"https:\/\/percursoseideias.iscet.pt\/wp-content\/uploads\/2022\/03\/DoubleArrow_Left.jpg\" alt=\"\" srcset=\"https:\/\/percursoseideias.iscet.pt\/wp-content\/uploads\/2022\/03\/DoubleArrow_Left.jpg 1150w, https:\/\/percursoseideias.iscet.pt\/wp-content\/uploads\/2022\/03\/DoubleArrow_Left-300x239.jpg 300w, https:\/\/percursoseideias.iscet.pt\/wp-content\/uploads\/2022\/03\/DoubleArrow_Left-1024x816.jpg 1024w, https:\/\/percursoseideias.iscet.pt\/wp-content\/uploads\/2022\/03\/DoubleArrow_Left-768x612.jpg 768w\" sizes=\"auto, (max-width: 16px) 100vw, 16px\" \/><\/a>  <a href=\"https:\/\/percursoseideias.iscet.pt\/index.php\/volume-10-2020\/\"><img loading=\"lazy\" decoding=\"async\" width=\"11\" height=\"12\" class=\"wp-image-371\" style=\"width: 11px;\" src=\"https:\/\/percursoseideias.iscet.pt\/wp-content\/uploads\/2022\/03\/Arrow_Left.jpg\" alt=\"\" srcset=\"https:\/\/percursoseideias.iscet.pt\/wp-content\/uploads\/2022\/03\/Arrow_Left.jpg 820w, https:\/\/percursoseideias.iscet.pt\/wp-content\/uploads\/2022\/03\/Arrow_Left-269x300.jpg 269w, https:\/\/percursoseideias.iscet.pt\/wp-content\/uploads\/2022\/03\/Arrow_Left-150x150.jpg 150w, https:\/\/percursoseideias.iscet.pt\/wp-content\/uploads\/2022\/03\/Arrow_Left-768x858.jpg 768w, https:\/\/percursoseideias.iscet.pt\/wp-content\/uploads\/2022\/03\/Arrow_Left-80x80.jpg 80w, https:\/\/percursoseideias.iscet.pt\/wp-content\/uploads\/2022\/03\/Arrow_Left-320x320.jpg 320w\" sizes=\"auto, (max-width: 11px) 100vw, 11px\" \/><\/a>  <a href=\"https:\/\/percursoseideias.iscet.pt\/index.php\/archive\/\">Archive<\/a><br><a href=\"https:\/\/percursoseideias.iscet.pt\/wp-content\/uploads\/2022\/03\/PercursosIdeias_2021_N11_Completo.pdf\" target=\"_blank\" rel=\"noreferrer noopener\">Complete issue<\/a><br><a href=\"https:\/\/percursoseideias.iscet.pt\/index.php\/current-issues\/\">Current issue<\/a><\/p>\n<\/div>\n\n\n\n<div class=\"wp-block-column is-layout-flow wp-block-column-is-layout-flow\" style=\"flex-basis:66.66%\">\n<p><strong>Table of contents<\/strong><\/p>\n\n\n\n<figure class=\"wp-block-table\" style=\"font-size:16px\"><table class=\"has-white-background-color has-background\"><tbody><tr><td class=\"has-text-align-left\" data-align=\"left\">Editorial<br>Adalberto Dias de Carvalho <a href=\"https:\/\/orcid.org\/%200000-0001-5826-7582\" target=\"_blank\" rel=\"noreferrer noopener\"><img loading=\"lazy\" decoding=\"async\" width=\"15\" height=\"15\" class=\"wp-image-174\" style=\"width: 15px;\" src=\"https:\/\/percursoseideias.iscet.pt\/wp-content\/uploads\/2022\/03\/orcid-og-image.png\" alt=\"\" srcset=\"https:\/\/percursoseideias.iscet.pt\/wp-content\/uploads\/2022\/03\/orcid-og-image.png 263w, https:\/\/percursoseideias.iscet.pt\/wp-content\/uploads\/2022\/03\/orcid-og-image-150x150.png 150w, https:\/\/percursoseideias.iscet.pt\/wp-content\/uploads\/2022\/03\/orcid-og-image-80x80.png 80w\" sizes=\"auto, (max-width: 15px) 100vw, 15px\" \/><\/a><\/td><td class=\"has-text-align-right\" data-align=\"right\"><a href=\"https:\/\/percursoseideias.iscet.pt\/articles\/PI_2021_N11_Editorial.pdf\" target=\"_blank\" rel=\"noreferrer noopener\"><img loading=\"lazy\" decoding=\"async\" width=\"45\" height=\"45\" class=\"wp-image-175\" style=\"width: 45px;\" src=\"https:\/\/percursoseideias.iscet.pt\/wp-content\/uploads\/2022\/03\/PDF_logo.jpeg\" alt=\"\" srcset=\"https:\/\/percursoseideias.iscet.pt\/wp-content\/uploads\/2022\/03\/PDF_logo.jpeg 612w, https:\/\/percursoseideias.iscet.pt\/wp-content\/uploads\/2022\/03\/PDF_logo-300x300.jpeg 300w, https:\/\/percursoseideias.iscet.pt\/wp-content\/uploads\/2022\/03\/PDF_logo-150x150.jpeg 150w, https:\/\/percursoseideias.iscet.pt\/wp-content\/uploads\/2022\/03\/PDF_logo-80x80.jpeg 80w, https:\/\/percursoseideias.iscet.pt\/wp-content\/uploads\/2022\/03\/PDF_logo-320x320.jpeg 320w\" sizes=\"auto, (max-width: 45px) 100vw, 45px\" \/><\/a><\/td><\/tr><tr><td class=\"has-text-align-left\" data-align=\"left\"><a href=\"https:\/\/percursoseideias.iscet.pt\/index.php\/pi_2021_n11_0001\/\">El Comportamiento del Comprador Industrial<\/a><br>Cesar Duch Martorell <a rel=\"noreferrer noopener\" href=\"https:\/\/orcid.org\/%200000-0003-1187-3934\" target=\"_blank\"><img loading=\"lazy\" decoding=\"async\" width=\"15\" height=\"15\" class=\"wp-image-174\" style=\"width: 15px;\" src=\"https:\/\/percursoseideias.iscet.pt\/wp-content\/uploads\/2022\/03\/orcid-og-image.png\" alt=\"\" srcset=\"https:\/\/percursoseideias.iscet.pt\/wp-content\/uploads\/2022\/03\/orcid-og-image.png 263w, https:\/\/percursoseideias.iscet.pt\/wp-content\/uploads\/2022\/03\/orcid-og-image-150x150.png 150w, https:\/\/percursoseideias.iscet.pt\/wp-content\/uploads\/2022\/03\/orcid-og-image-80x80.png 80w\" sizes=\"auto, (max-width: 15px) 100vw, 15px\" \/><\/a><\/td><td class=\"has-text-align-right\" data-align=\"right\"><a href=\"https:\/\/percursoseideias.iscet.pt\/articles\/PI_2021_N11_0001.pdf\" target=\"_blank\" rel=\"noreferrer noopener\"><img loading=\"lazy\" decoding=\"async\" width=\"45\" height=\"45\" class=\"wp-image-175\" style=\"width: 45px;\" src=\"https:\/\/percursoseideias.iscet.pt\/wp-content\/uploads\/2022\/03\/PDF_logo.jpeg\" alt=\"\" srcset=\"https:\/\/percursoseideias.iscet.pt\/wp-content\/uploads\/2022\/03\/PDF_logo.jpeg 612w, https:\/\/percursoseideias.iscet.pt\/wp-content\/uploads\/2022\/03\/PDF_logo-300x300.jpeg 300w, https:\/\/percursoseideias.iscet.pt\/wp-content\/uploads\/2022\/03\/PDF_logo-150x150.jpeg 150w, https:\/\/percursoseideias.iscet.pt\/wp-content\/uploads\/2022\/03\/PDF_logo-80x80.jpeg 80w, https:\/\/percursoseideias.iscet.pt\/wp-content\/uploads\/2022\/03\/PDF_logo-320x320.jpeg 320w\" sizes=\"auto, (max-width: 45px) 100vw, 45px\" \/><\/a><\/td><\/tr><tr><td class=\"has-text-align-left\" data-align=\"left\"><a href=\"https:\/\/percursoseideias.iscet.pt\/index.php\/pi_2021_n11_0002\/\">A Intelig\u00eancia Artificial e o Impacto no Marketing e no Consumidor<\/a><br>Cristiana Vieira and Jos\u00e9 Magano <a rel=\"noreferrer noopener\" href=\"https:\/\/orcid.org\/0000-0003-2835-3169\" target=\"_blank\"><img loading=\"lazy\" decoding=\"async\" width=\"15\" height=\"15\" class=\"wp-image-174\" style=\"width: 15px;\" src=\"https:\/\/percursoseideias.iscet.pt\/wp-content\/uploads\/2022\/03\/orcid-og-image.png\" alt=\"\" srcset=\"https:\/\/percursoseideias.iscet.pt\/wp-content\/uploads\/2022\/03\/orcid-og-image.png 263w, https:\/\/percursoseideias.iscet.pt\/wp-content\/uploads\/2022\/03\/orcid-og-image-150x150.png 150w, https:\/\/percursoseideias.iscet.pt\/wp-content\/uploads\/2022\/03\/orcid-og-image-80x80.png 80w\" sizes=\"auto, (max-width: 15px) 100vw, 15px\" \/><\/a><\/td><td class=\"has-text-align-right\" data-align=\"right\"><a href=\"https:\/\/percursoseideias.iscet.pt\/articles\/PI_2021_N11_0002.pdf\" target=\"_blank\" rel=\"noreferrer noopener\"><img loading=\"lazy\" decoding=\"async\" width=\"45\" height=\"45\" class=\"wp-image-175\" style=\"width: 45px;\" src=\"https:\/\/percursoseideias.iscet.pt\/wp-content\/uploads\/2022\/03\/PDF_logo.jpeg\" alt=\"\" srcset=\"https:\/\/percursoseideias.iscet.pt\/wp-content\/uploads\/2022\/03\/PDF_logo.jpeg 612w, https:\/\/percursoseideias.iscet.pt\/wp-content\/uploads\/2022\/03\/PDF_logo-300x300.jpeg 300w, https:\/\/percursoseideias.iscet.pt\/wp-content\/uploads\/2022\/03\/PDF_logo-150x150.jpeg 150w, https:\/\/percursoseideias.iscet.pt\/wp-content\/uploads\/2022\/03\/PDF_logo-80x80.jpeg 80w, https:\/\/percursoseideias.iscet.pt\/wp-content\/uploads\/2022\/03\/PDF_logo-320x320.jpeg 320w\" sizes=\"auto, (max-width: 45px) 100vw, 45px\" \/><\/a><\/td><\/tr><tr><td class=\"has-text-align-left\" data-align=\"left\"><a href=\"https:\/\/percursoseideias.iscet.pt\/index.php\/pi_2021_n11_0003-2\/\">Marketing Trends: Using Memes to Target Generation Z<\/a><br>Rafaela Sirimarco Bara and Jos\u00e9 Magano <a rel=\"noreferrer noopener\" href=\"https:\/\/orcid.org\/0000-0003-2835-3169\" target=\"_blank\"><img loading=\"lazy\" decoding=\"async\" width=\"15\" height=\"15\" class=\"wp-image-174\" style=\"width: 15px;\" src=\"https:\/\/percursoseideias.iscet.pt\/wp-content\/uploads\/2022\/03\/orcid-og-image.png\" alt=\"\" srcset=\"https:\/\/percursoseideias.iscet.pt\/wp-content\/uploads\/2022\/03\/orcid-og-image.png 263w, https:\/\/percursoseideias.iscet.pt\/wp-content\/uploads\/2022\/03\/orcid-og-image-150x150.png 150w, https:\/\/percursoseideias.iscet.pt\/wp-content\/uploads\/2022\/03\/orcid-og-image-80x80.png 80w\" sizes=\"auto, (max-width: 15px) 100vw, 15px\" \/><\/a><\/td><td class=\"has-text-align-right\" data-align=\"right\"><a href=\"https:\/\/percursoseideias.iscet.pt\/articles\/PI_2021_N11_0003.pdf\" target=\"_blank\" rel=\"noreferrer noopener\"><img loading=\"lazy\" decoding=\"async\" width=\"45\" height=\"45\" class=\"wp-image-175\" style=\"width: 45px;\" src=\"https:\/\/percursoseideias.iscet.pt\/wp-content\/uploads\/2022\/03\/PDF_logo.jpeg\" alt=\"\" srcset=\"https:\/\/percursoseideias.iscet.pt\/wp-content\/uploads\/2022\/03\/PDF_logo.jpeg 612w, https:\/\/percursoseideias.iscet.pt\/wp-content\/uploads\/2022\/03\/PDF_logo-300x300.jpeg 300w, https:\/\/percursoseideias.iscet.pt\/wp-content\/uploads\/2022\/03\/PDF_logo-150x150.jpeg 150w, https:\/\/percursoseideias.iscet.pt\/wp-content\/uploads\/2022\/03\/PDF_logo-80x80.jpeg 80w, https:\/\/percursoseideias.iscet.pt\/wp-content\/uploads\/2022\/03\/PDF_logo-320x320.jpeg 320w\" sizes=\"auto, (max-width: 45px) 100vw, 45px\" \/><\/a><\/td><\/tr><tr><td class=\"has-text-align-left\" data-align=\"left\"><a href=\"https:\/\/percursoseideias.iscet.pt\/index.php\/pi_2021_n11_0004\/\">Comportamentos de Consumo da Crian\u00e7a do Ensino B\u00e1sico Obrigat\u00f3rio em Contexto Rural e Urbano<\/a><br>Ana Catarina Soares<\/td><td class=\"has-text-align-right\" data-align=\"right\"><a href=\"https:\/\/percursoseideias.iscet.pt\/articles\/PI_2021_N11_0004.pdf\" target=\"_blank\" rel=\"noreferrer noopener\"><img loading=\"lazy\" decoding=\"async\" width=\"45\" height=\"45\" class=\"wp-image-175\" style=\"width: 45px;\" src=\"https:\/\/percursoseideias.iscet.pt\/wp-content\/uploads\/2022\/03\/PDF_logo.jpeg\" alt=\"\" srcset=\"https:\/\/percursoseideias.iscet.pt\/wp-content\/uploads\/2022\/03\/PDF_logo.jpeg 612w, https:\/\/percursoseideias.iscet.pt\/wp-content\/uploads\/2022\/03\/PDF_logo-300x300.jpeg 300w, https:\/\/percursoseideias.iscet.pt\/wp-content\/uploads\/2022\/03\/PDF_logo-150x150.jpeg 150w, https:\/\/percursoseideias.iscet.pt\/wp-content\/uploads\/2022\/03\/PDF_logo-80x80.jpeg 80w, https:\/\/percursoseideias.iscet.pt\/wp-content\/uploads\/2022\/03\/PDF_logo-320x320.jpeg 320w\" sizes=\"auto, (max-width: 45px) 100vw, 45px\" \/><\/a><\/td><\/tr><tr><td class=\"has-text-align-left\" data-align=\"left\"><a href=\"https:\/\/percursoseideias.iscet.pt\/index.php\/pi_2021_n11_0005\/\">Comunica\u00e7\u00e3o de Destinos Tur\u00edsticos em Tempos de Pandemia<\/a><br>Lu\u00eds Ferreira <a rel=\"noreferrer noopener\" href=\"https:\/\/orcid.org\/0000-0002-4880-5591\" target=\"_blank\"><img loading=\"lazy\" decoding=\"async\" width=\"15\" height=\"15\" class=\"wp-image-174\" style=\"width: 15px;\" src=\"https:\/\/percursoseideias.iscet.pt\/wp-content\/uploads\/2022\/03\/orcid-og-image.png\" alt=\"\" srcset=\"https:\/\/percursoseideias.iscet.pt\/wp-content\/uploads\/2022\/03\/orcid-og-image.png 263w, https:\/\/percursoseideias.iscet.pt\/wp-content\/uploads\/2022\/03\/orcid-og-image-150x150.png 150w, https:\/\/percursoseideias.iscet.pt\/wp-content\/uploads\/2022\/03\/orcid-og-image-80x80.png 80w\" sizes=\"auto, (max-width: 15px) 100vw, 15px\" \/><\/a>, Lu\u00eds Pestana Mour\u00e3o <a rel=\"noreferrer noopener\" href=\"https:\/\/orcid.org\/0000-0001-9583-9869\" target=\"_blank\"><img loading=\"lazy\" decoding=\"async\" width=\"15\" height=\"15\" class=\"wp-image-174\" style=\"width: 15px;\" src=\"https:\/\/percursoseideias.iscet.pt\/wp-content\/uploads\/2022\/03\/orcid-og-image.png\" alt=\"\" srcset=\"https:\/\/percursoseideias.iscet.pt\/wp-content\/uploads\/2022\/03\/orcid-og-image.png 263w, https:\/\/percursoseideias.iscet.pt\/wp-content\/uploads\/2022\/03\/orcid-og-image-150x150.png 150w, https:\/\/percursoseideias.iscet.pt\/wp-content\/uploads\/2022\/03\/orcid-og-image-80x80.png 80w\" sizes=\"auto, (max-width: 15px) 100vw, 15px\" \/><\/a> and Jorge Ricardo Pinto <a rel=\"noreferrer noopener\" href=\"https:\/\/orcid.org\/0000-0002-0195-3853\" target=\"_blank\"><img loading=\"lazy\" decoding=\"async\" width=\"15\" height=\"15\" class=\"wp-image-174\" style=\"width: 15px;\" src=\"https:\/\/percursoseideias.iscet.pt\/wp-content\/uploads\/2022\/03\/orcid-og-image.png\" alt=\"\" srcset=\"https:\/\/percursoseideias.iscet.pt\/wp-content\/uploads\/2022\/03\/orcid-og-image.png 263w, https:\/\/percursoseideias.iscet.pt\/wp-content\/uploads\/2022\/03\/orcid-og-image-150x150.png 150w, https:\/\/percursoseideias.iscet.pt\/wp-content\/uploads\/2022\/03\/orcid-og-image-80x80.png 80w\" sizes=\"auto, (max-width: 15px) 100vw, 15px\" \/><\/a><\/td><td class=\"has-text-align-right\" data-align=\"right\"><a href=\"https:\/\/percursoseideias.iscet.pt\/articles\/PI_2021_N11_0005.pdf\" target=\"_blank\" rel=\"noreferrer noopener\"><img loading=\"lazy\" decoding=\"async\" width=\"45\" height=\"45\" class=\"wp-image-175\" style=\"width: 45px;\" src=\"https:\/\/percursoseideias.iscet.pt\/wp-content\/uploads\/2022\/03\/PDF_logo.jpeg\" alt=\"\" srcset=\"https:\/\/percursoseideias.iscet.pt\/wp-content\/uploads\/2022\/03\/PDF_logo.jpeg 612w, https:\/\/percursoseideias.iscet.pt\/wp-content\/uploads\/2022\/03\/PDF_logo-300x300.jpeg 300w, https:\/\/percursoseideias.iscet.pt\/wp-content\/uploads\/2022\/03\/PDF_logo-150x150.jpeg 150w, https:\/\/percursoseideias.iscet.pt\/wp-content\/uploads\/2022\/03\/PDF_logo-80x80.jpeg 80w, https:\/\/percursoseideias.iscet.pt\/wp-content\/uploads\/2022\/03\/PDF_logo-320x320.jpeg 320w\" sizes=\"auto, (max-width: 45px) 100vw, 45px\" \/><\/a><\/td><\/tr><tr><td class=\"has-text-align-left\" data-align=\"left\"><a href=\"https:\/\/percursoseideias.iscet.pt\/index.php\/pi_2021_n11_0006\/\">The Route of Emotions in the Tourist Context of Northeast Brazil<\/a><br>Simone Cristina Putrick, Luzia Neide Coriolano and Milton Augusto Pascoto Mariane<\/td><td class=\"has-text-align-right\" data-align=\"right\"><a href=\"https:\/\/percursoseideias.iscet.pt\/articles\/PI_2021_N11_0006.pdf\" target=\"_blank\" rel=\"noreferrer noopener\"><img loading=\"lazy\" decoding=\"async\" width=\"45\" height=\"45\" class=\"wp-image-175\" style=\"width: 45px;\" src=\"https:\/\/percursoseideias.iscet.pt\/wp-content\/uploads\/2022\/03\/PDF_logo.jpeg\" alt=\"\" srcset=\"https:\/\/percursoseideias.iscet.pt\/wp-content\/uploads\/2022\/03\/PDF_logo.jpeg 612w, https:\/\/percursoseideias.iscet.pt\/wp-content\/uploads\/2022\/03\/PDF_logo-300x300.jpeg 300w, https:\/\/percursoseideias.iscet.pt\/wp-content\/uploads\/2022\/03\/PDF_logo-150x150.jpeg 150w, https:\/\/percursoseideias.iscet.pt\/wp-content\/uploads\/2022\/03\/PDF_logo-80x80.jpeg 80w, https:\/\/percursoseideias.iscet.pt\/wp-content\/uploads\/2022\/03\/PDF_logo-320x320.jpeg 320w\" sizes=\"auto, (max-width: 45px) 100vw, 45px\" \/><\/a><\/td><\/tr><tr><td class=\"has-text-align-left\" data-align=\"left\"><a href=\"https:\/\/percursoseideias.iscet.pt\/index.php\/pi_2021_n11_0007\/\">A Literacia Financeira: Uma Revis\u00e3o de Literatura<\/a><br>Fernando Oliveira Tavares <a rel=\"noreferrer noopener\" href=\"https:\/\/orcid.org\/0000-0002-9672-8770\" target=\"_blank\"><img loading=\"lazy\" decoding=\"async\" width=\"15\" height=\"15\" class=\"wp-image-174\" style=\"width: 15px;\" src=\"https:\/\/percursoseideias.iscet.pt\/wp-content\/uploads\/2022\/03\/orcid-og-image.png\" alt=\"\" srcset=\"https:\/\/percursoseideias.iscet.pt\/wp-content\/uploads\/2022\/03\/orcid-og-image.png 263w, https:\/\/percursoseideias.iscet.pt\/wp-content\/uploads\/2022\/03\/orcid-og-image-150x150.png 150w, https:\/\/percursoseideias.iscet.pt\/wp-content\/uploads\/2022\/03\/orcid-og-image-80x80.png 80w\" sizes=\"auto, (max-width: 15px) 100vw, 15px\" \/><\/a> and Lu\u00eds Gomes Almeida<\/td><td class=\"has-text-align-right\" data-align=\"right\"><a href=\"https:\/\/percursoseideias.iscet.pt\/articles\/PI_2021_N11_0007.pdf\" target=\"_blank\" rel=\"noreferrer noopener\"><img loading=\"lazy\" decoding=\"async\" width=\"45\" height=\"45\" class=\"wp-image-175\" style=\"width: 45px;\" src=\"https:\/\/percursoseideias.iscet.pt\/wp-content\/uploads\/2022\/03\/PDF_logo.jpeg\" alt=\"\" srcset=\"https:\/\/percursoseideias.iscet.pt\/wp-content\/uploads\/2022\/03\/PDF_logo.jpeg 612w, https:\/\/percursoseideias.iscet.pt\/wp-content\/uploads\/2022\/03\/PDF_logo-300x300.jpeg 300w, https:\/\/percursoseideias.iscet.pt\/wp-content\/uploads\/2022\/03\/PDF_logo-150x150.jpeg 150w, https:\/\/percursoseideias.iscet.pt\/wp-content\/uploads\/2022\/03\/PDF_logo-80x80.jpeg 80w, https:\/\/percursoseideias.iscet.pt\/wp-content\/uploads\/2022\/03\/PDF_logo-320x320.jpeg 320w\" sizes=\"auto, (max-width: 45px) 100vw, 45px\" \/><\/a><\/td><\/tr><\/tbody><\/table><\/figure>\n<\/div>\n<\/div>\n\n\n\n<p><\/p>\n","protected":false},"excerpt":{"rendered":"<p>ArchiveComplete issueCurrent issue Table of contents EditorialAdalberto Dias de Carvalho El Comportamiento del Comprador IndustrialCesar Duch Martorell A Intelig\u00eancia Artificial e o Impacto no Marketing e no ConsumidorCristiana Vieira and Jos\u00e9 Magano Marketing Trends:&#46;&#46;&#46;<\/p>\n","protected":false},"author":6,"featured_media":0,"parent":0,"menu_order":0,"comment_status":"closed","ping_status":"closed","template":"","meta":{"footnotes":""},"class_list":["post-114","page","type-page","status-publish","hentry"],"_links":{"self":[{"href":"https:\/\/percursoseideias.iscet.pt\/index.php\/wp-json\/wp\/v2\/pages\/114","targetHints":{"allow":["GET"]}}],"collection":[{"href":"https:\/\/percursoseideias.iscet.pt\/index.php\/wp-json\/wp\/v2\/pages"}],"about":[{"href":"https:\/\/percursoseideias.iscet.pt\/index.php\/wp-json\/wp\/v2\/types\/page"}],"author":[{"embeddable":true,"href":"https:\/\/percursoseideias.iscet.pt\/index.php\/wp-json\/wp\/v2\/users\/6"}],"replies":[{"embeddable":true,"href":"https:\/\/percursoseideias.iscet.pt\/index.php\/wp-json\/wp\/v2\/comments?post=114"}],"version-history":[{"count":44,"href":"https:\/\/percursoseideias.iscet.pt\/index.php\/wp-json\/wp\/v2\/pages\/114\/revisions"}],"predecessor-version":[{"id":2900,"href":"https:\/\/percursoseideias.iscet.pt\/index.php\/wp-json\/wp\/v2\/pages\/114\/revisions\/2900"}],"wp:attachment":[{"href":"https:\/\/percursoseideias.iscet.pt\/index.php\/wp-json\/wp\/v2\/media?parent=114"}],"curies":[{"name":"wp","href":"https:\/\/api.w.org\/{rel}","templated":true}]}}